{"id":3187,"date":"2023-09-25T23:52:47","date_gmt":"2023-09-25T23:52:47","guid":{"rendered":"https:\/\/www.concejomunicipaldeduitama.gov.co\/?page_id=3187"},"modified":"2025-11-28T20:26:12","modified_gmt":"2025-11-28T20:26:12","slug":"convocatoria-secretaria-general","status":"publish","type":"page","link":"https:\/\/www.concejomunicipaldeduitama.gov.co\/?page_id=3187","title":{"rendered":"Convocatoria Secretar\u00eda General"},"content":{"rendered":"\t\t<div data-elementor-type=\"wp-page\" data-elementor-id=\"3187\" class=\"elementor elementor-3187\" data-elementor-post-type=\"page\">\n\t\t\t\t\t\t<section class=\"elementor-section elementor-top-section elementor-element elementor-element-545e123 elementor-section-boxed elementor-section-height-default elementor-section-height-default\" data-id=\"545e123\" data-element_type=\"section\" data-e-type=\"section\">\n\t\t\t\t\t\t<div class=\"elementor-container elementor-column-gap-default\">\n\t\t\t\t\t<div class=\"elementor-column elementor-col-100 elementor-top-column elementor-element elementor-element-8e40042\" data-id=\"8e40042\" data-element_type=\"column\" data-e-type=\"column\">\n\t\t\t<div class=\"elementor-widget-wrap elementor-element-populated\">\n\t\t\t\t\t\t<div class=\"elementor-element elementor-element-f911d84 elementor-view-default elementor-widget elementor-widget-icon\" data-id=\"f911d84\" data-element_type=\"widget\" data-e-type=\"widget\" data-widget_type=\"icon.default\">\n\t\t\t\t<div class=\"elementor-widget-container\">\n\t\t\t\t\t\t\t<div class=\"elementor-icon-wrapper\">\n\t\t\t<div class=\"elementor-icon\">\n\t\t\t<i aria-hidden=\"true\" class=\"fas fa-chalkboard-teacher\"><\/i>\t\t\t<\/div>\n\t\t<\/div>\n\t\t\t\t\t\t<\/div>\n\t\t\t\t<\/div>\n\t\t\t\t<div class=\"elementor-element elementor-element-660a102 elementor-widget elementor-widget-heading\" data-id=\"660a102\" data-element_type=\"widget\" data-e-type=\"widget\" data-widget_type=\"heading.default\">\n\t\t\t\t<div class=\"elementor-widget-container\">\n\t\t\t\t\t<h6 class=\"elementor-heading-title elementor-size-default\">Elecci\u00f3n Secretar\u00eda General<\/h6>\t\t\t\t<\/div>\n\t\t\t\t<\/div>\n\t\t\t\t<div class=\"elementor-element elementor-element-28b2ad6 elementor-widget elementor-widget-heading\" data-id=\"28b2ad6\" data-element_type=\"widget\" data-e-type=\"widget\" data-widget_type=\"heading.default\">\n\t\t\t\t<div class=\"elementor-widget-container\">\n\t\t\t\t\t<h5 class=\"elementor-heading-title elementor-size-default\">Consulte las bases de la convocatoria<\/h5>\t\t\t\t<\/div>\n\t\t\t\t<\/div>\n\t\t\t\t<div class=\"elementor-element elementor-element-4659941 elementor-widget elementor-widget-text-editor\" data-id=\"4659941\" data-element_type=\"widget\" data-e-type=\"widget\" data-widget_type=\"text-editor.default\">\n\t\t\t\t<div class=\"elementor-widget-container\">\n\t\t\t\t\t\t\t\t\t<p><span style=\"color: #333333;\">Puede realizar la consulta de las bases<span style=\"font-family: georgia, palatino, serif;\"><span style=\"font-weight: 400;\"> Elecci\u00f3n del cargo de secretario(a) general del Concejo Municipal de Duitama 2024<\/span><\/span>\u00a0 accediendo a trav\u00e9s de los siguientes enlaces<\/span><\/p>\t\t\t\t\t\t\t\t<\/div>\n\t\t\t\t<\/div>\n\t\t\t\t\t<\/div>\n\t\t<\/div>\n\t\t\t\t\t<\/div>\n\t\t<\/section>\n\t\t\t\t<section class=\"elementor-section elementor-top-section elementor-element elementor-element-0bb1aae elementor-section-boxed elementor-section-height-default elementor-section-height-default\" data-id=\"0bb1aae\" data-element_type=\"section\" data-e-type=\"section\">\n\t\t\t\t\t\t<div class=\"elementor-container elementor-column-gap-default\">\n\t\t\t\t\t<div class=\"elementor-column elementor-col-100 elementor-top-column elementor-element elementor-element-e1a23da\" data-id=\"e1a23da\" data-element_type=\"column\" data-e-type=\"column\">\n\t\t\t<div class=\"elementor-widget-wrap elementor-element-populated\">\n\t\t\t\t\t\t<div class=\"elementor-element elementor-element-2fe865c elementor-widget elementor-widget-accordion\" data-id=\"2fe865c\" data-element_type=\"widget\" data-e-type=\"widget\" data-widget_type=\"accordion.default\">\n\t\t\t\t<div class=\"elementor-widget-container\">\n\t\t\t\t\t\t\t<div class=\"elementor-accordion\">\n\t\t\t\t\t\t\t<div class=\"elementor-accordion-item\">\n\t\t\t\t\t<div id=\"elementor-tab-title-5021\" class=\"elementor-tab-title\" data-tab=\"1\" role=\"button\" aria-controls=\"elementor-tab-content-5021\" aria-expanded=\"false\">\n\t\t\t\t\t\t\t\t\t\t\t\t\t<span class=\"elementor-accordion-icon elementor-accordion-icon-left\" aria-hidden=\"true\">\n\t\t\t\t\t\t\t\t\t\t\t\t\t\t\t<span class=\"elementor-accordion-icon-closed\"><i class=\"fas fa-plus\"><\/i><\/span>\n\t\t\t\t\t\t\t\t<span class=\"elementor-accordion-icon-opened\"><i class=\"fas fa-minus\"><\/i><\/span>\n\t\t\t\t\t\t\t\t\t\t\t\t\t\t<\/span>\n\t\t\t\t\t\t\t\t\t\t\t\t<a class=\"elementor-accordion-title\" tabindex=\"0\">CONVOCATORIAS 2025<\/a>\n\t\t\t\t\t<\/div>\n\t\t\t\t\t<div id=\"elementor-tab-content-5021\" class=\"elementor-tab-content elementor-clearfix\" data-tab=\"1\" role=\"region\" aria-labelledby=\"elementor-tab-title-5021\"><p style=\"padding-left: 40px; text-align: center;\"><a href=\"https:\/\/www.concejomunicipaldeduitama.gov.co\/wp-content\/uploads\/2025\/10\/NOTA-ACLARATORIA-CONVOCATORIA.pdf\">NOTA ACLARATORIA CONVOCATORIA SECRETARIO (A) GENERAL 2026<\/a><\/p><p style=\"padding-left: 40px; text-align: center;\"><a href=\"https:\/\/www.concejomunicipaldeduitama.gov.co\/wp-content\/uploads\/2025\/10\/CONVOCATORIA-ELECCION-SECRETARIO-A-GENERAL-2026-CONCEJO-DUITAMA.pdf\"><span style=\"color: #ccffff;\">CONVOCATORIA ELECCI\u00d3N SECRETARIO (A) GENERAL 2026\u00a0<\/span><\/a><\/p><p style=\"text-align: center;\"><a href=\"https:\/\/www.concejomunicipaldeduitama.gov.co\/wp-content\/uploads\/2025\/11\/LISTADO-DE-ADMITIDOS-ELECCION-SECRETARIO-A-GENERAL-2026.pdf\">LISTADO DE ADMITIDOS ELECCI\u00d3N DE SECRETARIO (A) GENERAL<\/a><\/p><p style=\"text-align: center;\"><a href=\"https:\/\/www.concejomunicipaldeduitama.gov.co\/wp-content\/uploads\/2025\/11\/LISTADO-DEFINITIVO-DE-ADMITIDOS-CONVOCATORIA-SECRETARIO-A-GENERAL-CONCEJO-2026.pdf\">LISTADO DEFINITIVO DE ADMITIDOS CONVOCATORIA SECRETARIO (A) GENERAL CONCEJO 2026.<\/a><\/p><p style=\"text-align: center;\"><a href=\"https:\/\/www.concejomunicipaldeduitama.gov.co\/wp-content\/uploads\/2025\/11\/RESULTADOS-PRELIMINARES-PRUEBAS-ESCRITAS-ELECCION-SECTETARIO-A-2026.pdf\">RESULTADOS PRELIMINARES PRUEBAS ESCRITAS-ELECCI\u00d3N SECTETARIO (A) 2026\u00a0<\/a><\/p><p style=\"text-align: center;\"><a href=\"https:\/\/www.concejomunicipaldeduitama.gov.co\/wp-content\/uploads\/2025\/11\/RESULTADOS-PRELIMINARES-DE-EXPERIENCIA-ELECCION-SECRETARIO-A-GENERAL-2026.pdf\">RESULTADOS PRELIMINARES DE EXPERIENCIA -ELECCI\u00d3N SECRETARIO (A) GENERAL 2026<\/a><\/p><p style=\"text-align: center;\"><a href=\"https:\/\/www.concejomunicipaldeduitama.gov.co\/wp-content\/uploads\/2025\/11\/RESULTADOS-DEFINITIVOS-PUREBA-DE-CONOCIMIENTOS-ELECCION-SECRETARIO-A-GENERAL-2026.pdf\">RESULTADOS DEFINITIVOS PUREBA DE CONOCIMIENTOS- ELECCI\u00d3N SECRETARIO (A) GENERAL 2026\u00a0\u00a0<\/a><\/p><p style=\"text-align: center;\"><a href=\"https:\/\/www.concejomunicipaldeduitama.gov.co\/wp-content\/uploads\/2025\/11\/RESULTADOS-DEFINITIVOS-DE-EXPERIENCIA-Y-ANTECEDENTES-ELECCION-SECRETARIO-GENERAL-2026.pdf\">RESULTADOS DEFINITIVOS DE EXPERIENCIA Y ANTECEDENTES ELECCI\u00d3N SECRETARIO GENERAL 2026\u00a0<\/a><\/p><p style=\"text-align: center;\"><a href=\"https:\/\/www.concejomunicipaldeduitama.gov.co\/wp-content\/uploads\/2025\/11\/RESULTADOS-PRELIMINARES-DE-LA-ENTREVISTA-ELEECION-SECRETARIO-A-ANO-2026.pdf\">RESULTADOS PRELIMINARES DE LA ENTREVISTA &#8211; ELEECION SECRETARIO (A) A\u00d1O 2026\u00a0<\/a><\/p><p style=\"text-align: center;\"><a href=\"https:\/\/www.concejomunicipaldeduitama.gov.co\/wp-content\/uploads\/2025\/11\/RESULTADOS-DEFINITIVOS-ENTREVISTA-SECRETARO-A-GENERAL-CONCEJO-2026.pdf\">RESULTADOS DEFINITIVOS ENTREVISTA &#8211; SECRETARO (A) GENERAL CONCEJO 2026<\/a><\/p><p style=\"text-align: center;\"><a href=\"https:\/\/www.concejomunicipaldeduitama.gov.co\/wp-content\/uploads\/2025\/11\/LISTA-DE-ELEGIBLES-SECRETARIO-A-GENERAL-2026-.pdf\">LISTA DE ELEGIBLES &#8211; SECRETARIO (A) GENERAL 2026<\/a><\/p><\/div>\n\t\t\t\t<\/div>\n\t\t\t\t\t\t\t<div class=\"elementor-accordion-item\">\n\t\t\t\t\t<div id=\"elementor-tab-title-5022\" class=\"elementor-tab-title\" data-tab=\"2\" role=\"button\" aria-controls=\"elementor-tab-content-5022\" aria-expanded=\"false\">\n\t\t\t\t\t\t\t\t\t\t\t\t\t<span class=\"elementor-accordion-icon elementor-accordion-icon-left\" aria-hidden=\"true\">\n\t\t\t\t\t\t\t\t\t\t\t\t\t\t\t<span class=\"elementor-accordion-icon-closed\"><i class=\"fas fa-plus\"><\/i><\/span>\n\t\t\t\t\t\t\t\t<span class=\"elementor-accordion-icon-opened\"><i class=\"fas fa-minus\"><\/i><\/span>\n\t\t\t\t\t\t\t\t\t\t\t\t\t\t<\/span>\n\t\t\t\t\t\t\t\t\t\t\t\t<a class=\"elementor-accordion-title\" tabindex=\"0\">CONVOCATORIAS 2023<\/a>\n\t\t\t\t\t<\/div>\n\t\t\t\t\t<div id=\"elementor-tab-content-5022\" class=\"elementor-tab-content elementor-clearfix\" data-tab=\"2\" role=\"region\" aria-labelledby=\"elementor-tab-title-5022\"><p style=\"text-align: left; padding-left: 40px;\"><span style=\"color: #ccffff;\"><a style=\"color: #ccffff;\" href=\"https:\/\/www.concejomunicipaldeduitama.gov.co\/wp-content\/uploads\/2023\/10\/CONVOCATORIA%20ELECCION%20SECRETARIA%202024%20%281%29.pdf?_t=1696432785\">CONVOCATORIA ELECCI\u00d3N SECRETARIO(A) GENERAL 2024<\/a><\/span><\/p><p style=\"text-align: left; padding-left: 40px;\"><span style=\"color: #ccffff;\"><a style=\"color: #ccffff;\" href=\"https:\/\/www.concejomunicipaldeduitama.gov.co\/wp-content\/uploads\/2023\/09\/FORMATO%20DE%20INSCRIPCIO%CC%81N.pdf?_t=1695854424\">FORMATO DE INSCRIPCI\u00d3N<\/a><\/span><\/p><p style=\"text-align: left; padding-left: 40px;\"><span style=\"color: #ccffff;\"><a style=\"color: #ccffff;\" href=\"https:\/\/www.concejomunicipaldeduitama.gov.co\/wp-content\/uploads\/2023\/10\/LISTADO%20PRELIMINAR%20ADMITIDOS%20Y%20NO%20ADMITIDOS.pdf?_t=1697306060\">LISTADO PRELIMINAR DE ADMITIDOS Y NO ADMITIDOS<\/a><\/span><\/p><p style=\"text-align: left; padding-left: 40px;\"><span style=\"color: #ccffff;\"><a style=\"color: #ccffff;\" href=\"https:\/\/www.concejomunicipaldeduitama.gov.co\/wp-content\/uploads\/2023\/10\/LISTADO%20DEFINITIVO%20ADMITIDOS%20Y%20NO%20ADMITIDOS-1.pdf?_t=1697589387\">LISTADO DEFINITIVO DE ADMITIDOS Y NO ADMITIDOS<\/a><\/span><\/p><p style=\"text-align: left; padding-left: 40px;\"><span style=\"color: #ccffff;\"><a style=\"color: #ccffff;\" href=\"https:\/\/www.concejomunicipaldeduitama.gov.co\/wp-content\/uploads\/2023\/10\/GUI%CC%88A%20DE%20ORIENTACIOI%CC%88N%20AL%20ASPIRANTE%20PARA%20LA%20APLICACIOI%CC%88N%20DE%20LA%20PRUEBA%20ESCRITA-1.pdf?_t=1697589387\">GU\u00cdA DE ORIENTACI\u00d3N Y CITACI\u00d3N AL ASPIRANTE PARA LA APLICACI\u00d3N DE LA PRUEBA ESCRITA<\/a><\/span><\/p><p style=\"text-align: left; padding-left: 40px;\"><span style=\"color: #ccffff;\"><a style=\"color: #ccffff;\" href=\"https:\/\/www.concejomunicipaldeduitama.gov.co\/wp-content\/uploads\/2023\/10\/RESULTADOS%20PRELIMINARES%20PRUEBA%20ESCRITA.pdf?_t=1698372702\">RESULTADOS PRELIMINARES PRUEBA ESCRITA<\/a><\/span><\/p><p style=\"text-align: left; padding-left: 40px;\"><span style=\"color: #ccffff;\"><a style=\"color: #ccffff;\" href=\"https:\/\/www.concejomunicipaldeduitama.gov.co\/wp-content\/uploads\/2023\/11\/RESULTADOS%20DEFINITIVOS%20PRUEBA%20ESCRITA-1.pdf?_t=1699417616\">RESULTADOS DEFINITIVOS PRUEBA ESCRITA<\/a><\/span><\/p><p style=\"text-align: left; padding-left: 40px;\"><span style=\"color: #ccffff;\"><a style=\"color: #ccffff;\" href=\"https:\/\/www.concejomunicipaldeduitama.gov.co\/wp-content\/uploads\/2023\/11\/RESULTADOS%20HOJA%20DE%20VIDA.pdf?_t=1699537053\">RESULTADOS PRUEBA VALORACI\u00d3N HOJA DE VIDA<\/a><\/span><\/p><p style=\"text-align: left; padding-left: 40px;\"><span style=\"color: #ccffff;\"><a style=\"color: #ccffff;\" href=\"https:\/\/www.concejomunicipaldeduitama.gov.co\/wp-content\/uploads\/2023\/11\/RESULTADOS%20DEFINITIVOS%20HOJA%20DE%20VIDA.pdf?_t=1700060116\">RESULTADOS DEFINITIVOS HOJA DE VIDA<\/a><\/span><\/p><\/div>\n\t\t\t\t<\/div>\n\t\t\t\t\t\t\t\t<\/div>\n\t\t\t\t\t\t<\/div>\n\t\t\t\t<\/div>\n\t\t\t\t\t<\/div>\n\t\t<\/div>\n\t\t\t\t\t<\/div>\n\t\t<\/section>\n\t\t\t\t<section class=\"elementor-section elementor-top-section elementor-element elementor-element-529703e elementor-section-boxed elementor-section-height-default elementor-section-height-default\" data-id=\"529703e\" data-element_type=\"section\" data-e-type=\"section\" data-settings=\"{&quot;background_background&quot;:&quot;classic&quot;}\">\n\t\t\t\t\t\t<div class=\"elementor-container elementor-column-gap-default\">\n\t\t\t\t\t<div class=\"elementor-column elementor-col-33 elementor-top-column elementor-element elementor-element-6bd6379\" data-id=\"6bd6379\" data-element_type=\"column\" data-e-type=\"column\">\n\t\t\t<div class=\"elementor-widget-wrap elementor-element-populated\">\n\t\t\t\t\t\t<div class=\"elementor-element elementor-element-491722e elementor-widget elementor-widget-site-logo\" data-id=\"491722e\" data-element_type=\"widget\" data-e-type=\"widget\" data-settings=\"{&quot;width&quot;:{&quot;unit&quot;:&quot;%&quot;,&quot;size&quot;:25,&quot;sizes&quot;:[]},&quot;width_tablet&quot;:{&quot;unit&quot;:&quot;%&quot;,&quot;size&quot;:35,&quot;sizes&quot;:[]},&quot;width_mobile&quot;:{&quot;unit&quot;:&quot;%&quot;,&quot;size&quot;:28,&quot;sizes&quot;:[]},&quot;align&quot;:&quot;center&quot;,&quot;space&quot;:{&quot;unit&quot;:&quot;%&quot;,&quot;size&quot;:&quot;&quot;,&quot;sizes&quot;:[]},&quot;space_tablet&quot;:{&quot;unit&quot;:&quot;%&quot;,&quot;size&quot;:&quot;&quot;,&quot;sizes&quot;:[]},&quot;space_mobile&quot;:{&quot;unit&quot;:&quot;%&quot;,&quot;size&quot;:&quot;&quot;,&quot;sizes&quot;:[]},&quot;image_border_radius&quot;:{&quot;unit&quot;:&quot;px&quot;,&quot;top&quot;:&quot;&quot;,&quot;right&quot;:&quot;&quot;,&quot;bottom&quot;:&quot;&quot;,&quot;left&quot;:&quot;&quot;,&quot;isLinked&quot;:true},&quot;image_border_radius_tablet&quot;:{&quot;unit&quot;:&quot;px&quot;,&quot;top&quot;:&quot;&quot;,&quot;right&quot;:&quot;&quot;,&quot;bottom&quot;:&quot;&quot;,&quot;left&quot;:&quot;&quot;,&quot;isLinked&quot;:true},&quot;image_border_radius_mobile&quot;:{&quot;unit&quot;:&quot;px&quot;,&quot;top&quot;:&quot;&quot;,&quot;right&quot;:&quot;&quot;,&quot;bottom&quot;:&quot;&quot;,&quot;left&quot;:&quot;&quot;,&quot;isLinked&quot;:true},&quot;caption_padding&quot;:{&quot;unit&quot;:&quot;px&quot;,&quot;top&quot;:&quot;&quot;,&quot;right&quot;:&quot;&quot;,&quot;bottom&quot;:&quot;&quot;,&quot;left&quot;:&quot;&quot;,&quot;isLinked&quot;:true},&quot;caption_padding_tablet&quot;:{&quot;unit&quot;:&quot;px&quot;,&quot;top&quot;:&quot;&quot;,&quot;right&quot;:&quot;&quot;,&quot;bottom&quot;:&quot;&quot;,&quot;left&quot;:&quot;&quot;,&quot;isLinked&quot;:true},&quot;caption_padding_mobile&quot;:{&quot;unit&quot;:&quot;px&quot;,&quot;top&quot;:&quot;&quot;,&quot;right&quot;:&quot;&quot;,&quot;bottom&quot;:&quot;&quot;,&quot;left&quot;:&quot;&quot;,&quot;isLinked&quot;:true},&quot;caption_space&quot;:{&quot;unit&quot;:&quot;px&quot;,&quot;size&quot;:0,&quot;sizes&quot;:[]},&quot;caption_space_tablet&quot;:{&quot;unit&quot;:&quot;px&quot;,&quot;size&quot;:&quot;&quot;,&quot;sizes&quot;:[]},&quot;caption_space_mobile&quot;:{&quot;unit&quot;:&quot;px&quot;,&quot;size&quot;:&quot;&quot;,&quot;sizes&quot;:[]}}\" data-widget_type=\"site-logo.default\">\n\t\t\t\t<div class=\"elementor-widget-container\">\n\t\t\t\t\t\t\t<div class=\"hfe-site-logo\">\n\t\t\t\t\t\t\t\t\t\t\t\t\t<a data-elementor-open-lightbox=\"\"  class='elementor-clickable' href=\"https:\/\/www.concejomunicipaldeduitama.gov.co\">\n\t\t\t\t\t\t\t<div class=\"hfe-site-logo-set\">           \n\t\t\t\t<div class=\"hfe-site-logo-container\">\n\t\t\t\t\t\t\t\t\t<img decoding=\"async\" class=\"hfe-site-logo-img elementor-animation-\"  src=\"https:\/\/www.concejomunicipaldeduitama.gov.co\/wp-content\/uploads\/2022\/09\/Logo-Concejo-de-Duitama-b3f3c8.svg\" alt=\"default-logo\"\/>\n\t\t\t\t<\/div>\n\t\t\t<\/div>\n\t\t\t\t\t\t\t<\/a>\n\t\t\t\t\t\t<\/div>  \n\t\t\t\t\t\t\t<\/div>\n\t\t\t\t<\/div>\n\t\t\t\t\t<\/div>\n\t\t<\/div>\n\t\t\t\t<div class=\"elementor-column elementor-col-33 elementor-top-column elementor-element elementor-element-d0ba15e\" data-id=\"d0ba15e\" data-element_type=\"column\" data-e-type=\"column\">\n\t\t\t<div class=\"elementor-widget-wrap elementor-element-populated\">\n\t\t\t\t\t\t<div class=\"elementor-element elementor-element-0f86db2 elementor-widget elementor-widget-heading\" data-id=\"0f86db2\" data-element_type=\"widget\" data-e-type=\"widget\" data-widget_type=\"heading.default\">\n\t\t\t\t<div class=\"elementor-widget-container\">\n\t\t\t\t\t<h2 class=\"elementor-heading-title elementor-size-default\">Horarios<\/h2>\t\t\t\t<\/div>\n\t\t\t\t<\/div>\n\t\t\t\t<div class=\"elementor-element elementor-element-f06d5e5 elementor-widget elementor-widget-heading\" data-id=\"f06d5e5\" data-element_type=\"widget\" data-e-type=\"widget\" data-widget_type=\"heading.default\">\n\t\t\t\t<div class=\"elementor-widget-container\">\n\t\t\t\t\t<h2 class=\"elementor-heading-title elementor-size-default\">Lunes a viernes<\/h2>\t\t\t\t<\/div>\n\t\t\t\t<\/div>\n\t\t\t\t<div class=\"elementor-element elementor-element-dc0174a elementor-widget elementor-widget-heading\" data-id=\"dc0174a\" data-element_type=\"widget\" data-e-type=\"widget\" data-widget_type=\"heading.default\">\n\t\t\t\t<div class=\"elementor-widget-container\">\n\t\t\t\t\t<h2 class=\"elementor-heading-title elementor-size-default\">7:00 a.m. a 12:00 p.m.\n1:00 p.m. a 5:00 p.m.<\/h2>\t\t\t\t<\/div>\n\t\t\t\t<\/div>\n\t\t\t\t\t<\/div>\n\t\t<\/div>\n\t\t\t\t<div class=\"elementor-column elementor-col-33 elementor-top-column elementor-element elementor-element-3e17b61\" data-id=\"3e17b61\" data-element_type=\"column\" data-e-type=\"column\">\n\t\t\t<div class=\"elementor-widget-wrap elementor-element-populated\">\n\t\t\t\t\t\t<div class=\"elementor-element elementor-element-af82189 e-grid-align-tablet-right e-grid-align-mobile-center elementor-widget-mobile__width-inherit elementor-shape-rounded elementor-grid-0 e-grid-align-center elementor-widget elementor-widget-social-icons\" data-id=\"af82189\" data-element_type=\"widget\" data-e-type=\"widget\" data-widget_type=\"social-icons.default\">\n\t\t\t\t<div class=\"elementor-widget-container\">\n\t\t\t\t\t\t\t<div class=\"elementor-social-icons-wrapper elementor-grid\" role=\"list\">\n\t\t\t\t\t\t\t<span class=\"elementor-grid-item\" role=\"listitem\">\n\t\t\t\t\t<a class=\"elementor-icon elementor-social-icon elementor-social-icon-facebook-f elementor-repeater-item-3f1b7ac\" href=\"https:\/\/www.facebook.com\/concejodeduitama\/\" target=\"_blank\">\n\t\t\t\t\t\t<span class=\"elementor-screen-only\">Facebook-f<\/span>\n\t\t\t\t\t\t<i aria-hidden=\"true\" class=\"fab fa-facebook-f\"><\/i>\t\t\t\t\t<\/a>\n\t\t\t\t<\/span>\n\t\t\t\t\t\t\t<span class=\"elementor-grid-item\" role=\"listitem\">\n\t\t\t\t\t<a class=\"elementor-icon elementor-social-icon elementor-social-icon-instagram elementor-repeater-item-862dbd0\" href=\"https:\/\/www.instagram.com\/concejodeduitama\/\" target=\"_blank\">\n\t\t\t\t\t\t<span class=\"elementor-screen-only\">Instagram<\/span>\n\t\t\t\t\t\t<i aria-hidden=\"true\" class=\"fab fa-instagram\"><\/i>\t\t\t\t\t<\/a>\n\t\t\t\t<\/span>\n\t\t\t\t\t<\/div>\n\t\t\t\t\t\t<\/div>\n\t\t\t\t<\/div>\n\t\t\t\t\t<\/div>\n\t\t<\/div>\n\t\t\t\t\t<\/div>\n\t\t<\/section>\n\t\t\t\t<section class=\"elementor-section elementor-top-section elementor-element elementor-element-4ee62d9 elementor-section-boxed elementor-section-height-default elementor-section-height-default\" data-id=\"4ee62d9\" data-element_type=\"section\" data-e-type=\"section\" data-settings=\"{&quot;background_background&quot;:&quot;classic&quot;}\">\n\t\t\t\t\t\t<div class=\"elementor-container elementor-column-gap-default\">\n\t\t\t\t\t<div class=\"elementor-column elementor-col-100 elementor-top-column elementor-element elementor-element-8664292\" data-id=\"8664292\" data-element_type=\"column\" data-e-type=\"column\">\n\t\t\t<div class=\"elementor-widget-wrap elementor-element-populated\">\n\t\t\t\t\t\t<div class=\"elementor-element elementor-element-7acc576 elementor-widget elementor-widget-heading\" data-id=\"7acc576\" data-element_type=\"widget\" data-e-type=\"widget\" data-widget_type=\"heading.default\">\n\t\t\t\t<div class=\"elementor-widget-container\">\n\t\t\t\t\t<p class=\"elementor-heading-title elementor-size-default\">\u00a9 Concejo de Duitama. Todos los derechos reservados 2025<\/p>\t\t\t\t<\/div>\n\t\t\t\t<\/div>\n\t\t\t\t\t<\/div>\n\t\t<\/div>\n\t\t\t\t\t<\/div>\n\t\t<\/section>\n\t\t\t\t<section class=\"elementor-section elementor-top-section elementor-element elementor-element-0a09589 elementor-section-height-min-height elementor-section-content-middle elementor-section-full_width elementor-section-height-default elementor-section-items-middle\" data-id=\"0a09589\" data-element_type=\"section\" data-e-type=\"section\" data-settings=\"{&quot;background_background&quot;:&quot;classic&quot;}\">\n\t\t\t\t\t\t<div class=\"elementor-container elementor-column-gap-no\">\n\t\t\t\t\t<div class=\"elementor-column elementor-col-100 elementor-top-column elementor-element elementor-element-0c4e307\" data-id=\"0c4e307\" data-element_type=\"column\" data-e-type=\"column\">\n\t\t\t<div class=\"elementor-widget-wrap elementor-element-populated\">\n\t\t\t\t\t\t<div class=\"elementor-element elementor-element-eb1301d elementor-widget elementor-widget-image\" data-id=\"eb1301d\" data-element_type=\"widget\" data-e-type=\"widget\" data-widget_type=\"image.default\">\n\t\t\t\t<div class=\"elementor-widget-container\">\n\t\t\t\t\t\t\t\t\t\t\t\t\t\t\t\t<a href=\"https:\/\/www.gov.co\/\">\n\t\t\t\t\t\t\t<img decoding=\"async\" width=\"200\" height=\"62\" src=\"https:\/\/www.concejomunicipaldeduitama.gov.co\/wp-content\/uploads\/2024\/12\/img-gov-footer-concejo-1.png\" class=\"attachment-large size-large wp-image-4387\" alt=\"\" \/>\t\t\t\t\t\t\t\t<\/a>\n\t\t\t\t\t\t\t\t\t\t\t\t\t\t\t<\/div>\n\t\t\t\t<\/div>\n\t\t\t\t\t<\/div>\n\t\t<\/div>\n\t\t\t\t\t<\/div>\n\t\t<\/section>\n\t\t\t\t<\/div>\n\t\t","protected":false},"excerpt":{"rendered":"<p>Elecci\u00f3n Secretar\u00eda General Consulte las bases de la convocatoria Puede realizar la consulta de las bases Elecci\u00f3n del cargo de secretario(a) general del Concejo Municipal de Duitama 2024\u00a0 accediendo a trav\u00e9s de los siguientes enlaces CONVOCATORIAS 2025 NOTA ACLARATORIA CONVOCATORIA SECRETARIO (A) GENERAL 2026 CONVOCATORIA ELECCI\u00d3N SECRETARIO (A) GENERAL 2026\u00a0 LISTADO DE ADMITIDOS ELECCI\u00d3N DE&hellip;&nbsp;<a href=\"https:\/\/www.concejomunicipaldeduitama.gov.co\/?page_id=3187\" rel=\"bookmark\">Leer m\u00e1s &raquo;<span class=\"screen-reader-text\">Convocatoria Secretar\u00eda General<\/span><\/a><\/p>\n","protected":false},"author":1,"featured_media":0,"parent":0,"menu_order":0,"comment_status":"closed","ping_status":"closed","template":"page-templates\/template-pagebuilder-full-width.php","meta":{"neve_meta_sidebar":"","neve_meta_container":"full-width","neve_meta_enable_content_width":"","neve_meta_content_width":0,"neve_meta_title_alignment":"","neve_meta_author_avatar":"","neve_post_elements_order":"","neve_meta_disable_header":"","neve_meta_disable_footer":"on","neve_meta_disable_title":"on","_themeisle_gutenberg_block_has_review":false,"footnotes":""},"class_list":["post-3187","page","type-page","status-publish","hentry"],"_links":{"self":[{"href":"https:\/\/www.concejomunicipaldeduitama.gov.co\/index.php?rest_route=\/wp\/v2\/pages\/3187","targetHints":{"allow":["GET"]}}],"collection":[{"href":"https:\/\/www.concejomunicipaldeduitama.gov.co\/index.php?rest_route=\/wp\/v2\/pages"}],"about":[{"href":"https:\/\/www.concejomunicipaldeduitama.gov.co\/index.php?rest_route=\/wp\/v2\/types\/page"}],"author":[{"embeddable":true,"href":"https:\/\/www.concejomunicipaldeduitama.gov.co\/index.php?rest_route=\/wp\/v2\/users\/1"}],"replies":[{"embeddable":true,"href":"https:\/\/www.concejomunicipaldeduitama.gov.co\/index.php?rest_route=%2Fwp%2Fv2%2Fcomments&post=3187"}],"version-history":[{"count":106,"href":"https:\/\/www.concejomunicipaldeduitama.gov.co\/index.php?rest_route=\/wp\/v2\/pages\/3187\/revisions"}],"predecessor-version":[{"id":7263,"href":"https:\/\/www.concejomunicipaldeduitama.gov.co\/index.php?rest_route=\/wp\/v2\/pages\/3187\/revisions\/7263"}],"wp:attachment":[{"href":"https:\/\/www.concejomunicipaldeduitama.gov.co\/index.php?rest_route=%2Fwp%2Fv2%2Fmedia&parent=3187"}],"curies":[{"name":"wp","href":"https:\/\/api.w.org\/{rel}","templated":true}]}}