{"id":87,"date":"2022-09-07T00:58:44","date_gmt":"2022-09-07T00:58:44","guid":{"rendered":"https:\/\/www.concejomunicipaldeduitama.gov.co\/?page_id=87"},"modified":"2025-01-09T00:11:29","modified_gmt":"2025-01-09T00:11:29","slug":"concejales-2019-2023","status":"publish","type":"page","link":"https:\/\/www.concejomunicipaldeduitama.gov.co\/?page_id=87","title":{"rendered":"Concejales 2020-2023"},"content":{"rendered":"\t\t<div data-elementor-type=\"wp-page\" data-elementor-id=\"87\" class=\"elementor elementor-87\" data-elementor-post-type=\"page\">\n\t\t\t\t\t\t<section class=\"elementor-section elementor-top-section elementor-element elementor-element-65d4d3a elementor-section-boxed elementor-section-height-default elementor-section-height-default\" data-id=\"65d4d3a\" data-element_type=\"section\" data-e-type=\"section\" data-settings=\"{&quot;background_background&quot;:&quot;classic&quot;}\">\n\t\t\t\t\t\t<div class=\"elementor-container elementor-column-gap-default\">\n\t\t\t\t\t<div class=\"elementor-column elementor-col-100 elementor-top-column elementor-element elementor-element-187d232\" data-id=\"187d232\" data-element_type=\"column\" data-e-type=\"column\">\n\t\t\t<div class=\"elementor-widget-wrap elementor-element-populated\">\n\t\t\t\t\t\t<div class=\"elementor-element elementor-element-78fdf20 elementor-widget elementor-widget-heading\" data-id=\"78fdf20\" data-element_type=\"widget\" data-e-type=\"widget\" data-widget_type=\"heading.default\">\n\t\t\t\t<div class=\"elementor-widget-container\">\n\t\t\t\t\t<h2 class=\"elementor-heading-title elementor-size-default\">Concejales<\/h2>\t\t\t\t<\/div>\n\t\t\t\t<\/div>\n\t\t\t\t<div class=\"elementor-element elementor-element-e381eb0 elementor-widget elementor-widget-heading\" data-id=\"e381eb0\" data-element_type=\"widget\" data-e-type=\"widget\" data-widget_type=\"heading.default\">\n\t\t\t\t<div class=\"elementor-widget-container\">\n\t\t\t\t\t<h2 class=\"elementor-heading-title elementor-size-default\">2020-2023<\/h2>\t\t\t\t<\/div>\n\t\t\t\t<\/div>\n\t\t\t\t\t<\/div>\n\t\t<\/div>\n\t\t\t\t\t<\/div>\n\t\t<\/section>\n\t\t\t\t<section class=\"elementor-section elementor-top-section elementor-element elementor-element-b32c1bc elementor-section-boxed elementor-section-height-default elementor-section-height-default\" data-id=\"b32c1bc\" data-element_type=\"section\" data-e-type=\"section\" data-settings=\"{&quot;background_background&quot;:&quot;classic&quot;}\">\n\t\t\t\t\t\t<div class=\"elementor-container elementor-column-gap-default\">\n\t\t\t\t\t<div class=\"elementor-column elementor-col-100 elementor-top-column elementor-element elementor-element-6c2ed10\" data-id=\"6c2ed10\" data-element_type=\"column\" data-e-type=\"column\">\n\t\t\t<div class=\"elementor-widget-wrap elementor-element-populated\">\n\t\t\t\t\t\t<div class=\"elementor-element elementor-element-011aa0c elementor-widget-divider--view-line elementor-widget elementor-widget-divider\" data-id=\"011aa0c\" data-element_type=\"widget\" data-e-type=\"widget\" data-widget_type=\"divider.default\">\n\t\t\t\t<div class=\"elementor-widget-container\">\n\t\t\t\t\t\t\t<div class=\"elementor-divider\">\n\t\t\t<span class=\"elementor-divider-separator\">\n\t\t\t\t\t\t<\/span>\n\t\t<\/div>\n\t\t\t\t\t\t<\/div>\n\t\t\t\t<\/div>\n\t\t\t\t<div class=\"elementor-element elementor-element-ab676d9 elementor-widget elementor-widget-heading\" data-id=\"ab676d9\" data-element_type=\"widget\" data-e-type=\"widget\" data-widget_type=\"heading.default\">\n\t\t\t\t<div class=\"elementor-widget-container\">\n\t\t\t\t\t<h2 class=\"elementor-heading-title elementor-size-default\">Bancada Partido Cambio Radical<\/h2>\t\t\t\t<\/div>\n\t\t\t\t<\/div>\n\t\t\t\t\t<\/div>\n\t\t<\/div>\n\t\t\t\t\t<\/div>\n\t\t<\/section>\n\t\t\t\t<section class=\"elementor-section elementor-top-section elementor-element elementor-element-61027f5 elementor-section-boxed elementor-section-height-default elementor-section-height-default\" data-id=\"61027f5\" data-element_type=\"section\" data-e-type=\"section\" data-settings=\"{&quot;background_background&quot;:&quot;classic&quot;}\">\n\t\t\t\t\t\t<div class=\"elementor-container elementor-column-gap-default\">\n\t\t\t\t\t<div class=\"elementor-column elementor-col-25 elementor-top-column elementor-element elementor-element-0a95e51\" data-id=\"0a95e51\" data-element_type=\"column\" data-e-type=\"column\">\n\t\t\t<div class=\"elementor-widget-wrap elementor-element-populated\">\n\t\t\t\t\t\t<div class=\"elementor-element elementor-element-d144310 elementor-widget elementor-widget-image\" data-id=\"d144310\" data-element_type=\"widget\" data-e-type=\"widget\" data-widget_type=\"image.default\">\n\t\t\t\t<div class=\"elementor-widget-container\">\n\t\t\t\t\t\t\t\t\t\t\t\t<figure class=\"wp-caption\">\n\t\t\t\t\t\t\t\t\t\t<img fetchpriority=\"high\" decoding=\"async\" width=\"1024\" height=\"1024\" src=\"https:\/\/www.concejomunicipaldeduitama.gov.co\/wp-content\/uploads\/2023\/06\/Jose-Julian-Chia-Matallana-1024x1024.jpg\" class=\"attachment-large size-large wp-image-2237\" alt=\"\" srcset=\"https:\/\/www.concejomunicipaldeduitama.gov.co\/wp-content\/uploads\/2023\/06\/Jose-Julian-Chia-Matallana-1024x1024.jpg 1024w, https:\/\/www.concejomunicipaldeduitama.gov.co\/wp-content\/uploads\/2023\/06\/Jose-Julian-Chia-Matallana-300x300.jpg 300w, https:\/\/www.concejomunicipaldeduitama.gov.co\/wp-content\/uploads\/2023\/06\/Jose-Julian-Chia-Matallana-150x150.jpg 150w, https:\/\/www.concejomunicipaldeduitama.gov.co\/wp-content\/uploads\/2023\/06\/Jose-Julian-Chia-Matallana-768x768.jpg 768w, https:\/\/www.concejomunicipaldeduitama.gov.co\/wp-content\/uploads\/2023\/06\/Jose-Julian-Chia-Matallana.jpg 1080w\" sizes=\"(max-width: 1024px) 100vw, 1024px\" \/>\t\t\t\t\t\t\t\t\t\t\t<figcaption class=\"widget-image-caption wp-caption-text\">Jos\u00e9 Juli\u00e1n Chia Matallana<\/figcaption>\n\t\t\t\t\t\t\t\t\t\t<\/figure>\n\t\t\t\t\t\t\t\t\t<\/div>\n\t\t\t\t<\/div>\n\t\t\t\t\t<\/div>\n\t\t<\/div>\n\t\t\t\t<div class=\"elementor-column elementor-col-25 elementor-top-column elementor-element elementor-element-459aba5\" data-id=\"459aba5\" data-element_type=\"column\" data-e-type=\"column\">\n\t\t\t<div class=\"elementor-widget-wrap elementor-element-populated\">\n\t\t\t\t\t\t<div class=\"elementor-element elementor-element-abea6e3 elementor-widget elementor-widget-image\" data-id=\"abea6e3\" data-element_type=\"widget\" data-e-type=\"widget\" data-widget_type=\"image.default\">\n\t\t\t\t<div class=\"elementor-widget-container\">\n\t\t\t\t\t\t\t\t\t\t\t\t<figure class=\"wp-caption\">\n\t\t\t\t\t\t\t\t\t\t<img decoding=\"async\" width=\"1080\" height=\"1080\" src=\"https:\/\/www.concejomunicipaldeduitama.gov.co\/wp-content\/uploads\/2023\/06\/Segundo-Pinzon-Cardozo.jpg\" class=\"attachment-full size-full wp-image-2287\" alt=\"\" srcset=\"https:\/\/www.concejomunicipaldeduitama.gov.co\/wp-content\/uploads\/2023\/06\/Segundo-Pinzon-Cardozo.jpg 1080w, https:\/\/www.concejomunicipaldeduitama.gov.co\/wp-content\/uploads\/2023\/06\/Segundo-Pinzon-Cardozo-300x300.jpg 300w, https:\/\/www.concejomunicipaldeduitama.gov.co\/wp-content\/uploads\/2023\/06\/Segundo-Pinzon-Cardozo-1024x1024.jpg 1024w, https:\/\/www.concejomunicipaldeduitama.gov.co\/wp-content\/uploads\/2023\/06\/Segundo-Pinzon-Cardozo-150x150.jpg 150w, https:\/\/www.concejomunicipaldeduitama.gov.co\/wp-content\/uploads\/2023\/06\/Segundo-Pinzon-Cardozo-768x768.jpg 768w\" sizes=\"(max-width: 1080px) 100vw, 1080px\" \/>\t\t\t\t\t\t\t\t\t\t\t<figcaption class=\"widget-image-caption wp-caption-text\">Segundo Pinz\u00f3n Cardozo<\/figcaption>\n\t\t\t\t\t\t\t\t\t\t<\/figure>\n\t\t\t\t\t\t\t\t\t<\/div>\n\t\t\t\t<\/div>\n\t\t\t\t\t<\/div>\n\t\t<\/div>\n\t\t\t\t<div class=\"elementor-column elementor-col-25 elementor-top-column elementor-element elementor-element-a2449a3\" data-id=\"a2449a3\" data-element_type=\"column\" data-e-type=\"column\">\n\t\t\t<div class=\"elementor-widget-wrap elementor-element-populated\">\n\t\t\t\t\t\t<div class=\"elementor-element elementor-element-81a594b elementor-widget elementor-widget-image\" data-id=\"81a594b\" data-element_type=\"widget\" data-e-type=\"widget\" data-widget_type=\"image.default\">\n\t\t\t\t<div class=\"elementor-widget-container\">\n\t\t\t\t\t\t\t\t\t\t\t\t<figure class=\"wp-caption\">\n\t\t\t\t\t\t\t\t\t\t<img decoding=\"async\" width=\"1024\" height=\"1024\" src=\"https:\/\/www.concejomunicipaldeduitama.gov.co\/wp-content\/uploads\/2023\/06\/Marco-Alonso-Rincon-Albarracin-1024x1024.jpg\" class=\"attachment-large size-large wp-image-2288\" alt=\"\" srcset=\"https:\/\/www.concejomunicipaldeduitama.gov.co\/wp-content\/uploads\/2023\/06\/Marco-Alonso-Rincon-Albarracin-1024x1024.jpg 1024w, https:\/\/www.concejomunicipaldeduitama.gov.co\/wp-content\/uploads\/2023\/06\/Marco-Alonso-Rincon-Albarracin-300x300.jpg 300w, https:\/\/www.concejomunicipaldeduitama.gov.co\/wp-content\/uploads\/2023\/06\/Marco-Alonso-Rincon-Albarracin-150x150.jpg 150w, https:\/\/www.concejomunicipaldeduitama.gov.co\/wp-content\/uploads\/2023\/06\/Marco-Alonso-Rincon-Albarracin-768x768.jpg 768w, https:\/\/www.concejomunicipaldeduitama.gov.co\/wp-content\/uploads\/2023\/06\/Marco-Alonso-Rincon-Albarracin.jpg 1080w\" sizes=\"(max-width: 1024px) 100vw, 1024px\" \/>\t\t\t\t\t\t\t\t\t\t\t<figcaption class=\"widget-image-caption wp-caption-text\">Marco Alonso Rinc\u00f3n Albarrac\u00edn<\/figcaption>\n\t\t\t\t\t\t\t\t\t\t<\/figure>\n\t\t\t\t\t\t\t\t\t<\/div>\n\t\t\t\t<\/div>\n\t\t\t\t\t<\/div>\n\t\t<\/div>\n\t\t\t\t<div class=\"elementor-column elementor-col-25 elementor-top-column elementor-element elementor-element-00f7abb\" data-id=\"00f7abb\" data-element_type=\"column\" data-e-type=\"column\">\n\t\t\t<div class=\"elementor-widget-wrap elementor-element-populated\">\n\t\t\t\t\t\t<div class=\"elementor-element elementor-element-6c1158c elementor-widget elementor-widget-image\" data-id=\"6c1158c\" data-element_type=\"widget\" data-e-type=\"widget\" data-widget_type=\"image.default\">\n\t\t\t\t<div class=\"elementor-widget-container\">\n\t\t\t\t\t\t\t\t\t\t\t\t<figure class=\"wp-caption\">\n\t\t\t\t\t\t\t\t\t\t<img loading=\"lazy\" decoding=\"async\" width=\"1024\" height=\"1024\" src=\"https:\/\/www.concejomunicipaldeduitama.gov.co\/wp-content\/uploads\/2023\/06\/William-Gomez-Flechaz_-1024x1024.jpg\" class=\"attachment-large size-large wp-image-2286\" alt=\"\" srcset=\"https:\/\/www.concejomunicipaldeduitama.gov.co\/wp-content\/uploads\/2023\/06\/William-Gomez-Flechaz_-1024x1024.jpg 1024w, https:\/\/www.concejomunicipaldeduitama.gov.co\/wp-content\/uploads\/2023\/06\/William-Gomez-Flechaz_-300x300.jpg 300w, https:\/\/www.concejomunicipaldeduitama.gov.co\/wp-content\/uploads\/2023\/06\/William-Gomez-Flechaz_-150x150.jpg 150w, https:\/\/www.concejomunicipaldeduitama.gov.co\/wp-content\/uploads\/2023\/06\/William-Gomez-Flechaz_-768x768.jpg 768w, https:\/\/www.concejomunicipaldeduitama.gov.co\/wp-content\/uploads\/2023\/06\/William-Gomez-Flechaz_.jpg 1080w\" sizes=\"(max-width: 1024px) 100vw, 1024px\" \/>\t\t\t\t\t\t\t\t\t\t\t<figcaption class=\"widget-image-caption wp-caption-text\">William G\u00f3mez Flechas<\/figcaption>\n\t\t\t\t\t\t\t\t\t\t<\/figure>\n\t\t\t\t\t\t\t\t\t<\/div>\n\t\t\t\t<\/div>\n\t\t\t\t\t<\/div>\n\t\t<\/div>\n\t\t\t\t\t<\/div>\n\t\t<\/section>\n\t\t\t\t<section class=\"elementor-section elementor-top-section elementor-element elementor-element-a7a9dc9 elementor-section-boxed elementor-section-height-default elementor-section-height-default\" data-id=\"a7a9dc9\" data-element_type=\"section\" data-e-type=\"section\" data-settings=\"{&quot;background_background&quot;:&quot;classic&quot;}\">\n\t\t\t\t\t\t<div class=\"elementor-container elementor-column-gap-default\">\n\t\t\t\t\t<div class=\"elementor-column elementor-col-100 elementor-top-column elementor-element elementor-element-d9db915\" data-id=\"d9db915\" data-element_type=\"column\" data-e-type=\"column\">\n\t\t\t<div class=\"elementor-widget-wrap elementor-element-populated\">\n\t\t\t\t\t\t<div class=\"elementor-element elementor-element-c518a97 elementor-widget-divider--view-line elementor-widget elementor-widget-divider\" data-id=\"c518a97\" data-element_type=\"widget\" data-e-type=\"widget\" data-widget_type=\"divider.default\">\n\t\t\t\t<div class=\"elementor-widget-container\">\n\t\t\t\t\t\t\t<div class=\"elementor-divider\">\n\t\t\t<span class=\"elementor-divider-separator\">\n\t\t\t\t\t\t<\/span>\n\t\t<\/div>\n\t\t\t\t\t\t<\/div>\n\t\t\t\t<\/div>\n\t\t\t\t<div class=\"elementor-element elementor-element-1031621 elementor-widget elementor-widget-heading\" data-id=\"1031621\" data-element_type=\"widget\" data-e-type=\"widget\" data-widget_type=\"heading.default\">\n\t\t\t\t<div class=\"elementor-widget-container\">\n\t\t\t\t\t<h2 class=\"elementor-heading-title elementor-size-default\">Bancada Partido Alianza Verde<\/h2>\t\t\t\t<\/div>\n\t\t\t\t<\/div>\n\t\t\t\t\t<\/div>\n\t\t<\/div>\n\t\t\t\t\t<\/div>\n\t\t<\/section>\n\t\t\t\t<section class=\"elementor-section elementor-top-section elementor-element elementor-element-0f566c6 elementor-section-boxed elementor-section-height-default elementor-section-height-default\" data-id=\"0f566c6\" data-element_type=\"section\" data-e-type=\"section\" data-settings=\"{&quot;background_background&quot;:&quot;classic&quot;}\">\n\t\t\t\t\t\t<div class=\"elementor-container elementor-column-gap-default\">\n\t\t\t\t\t<div class=\"elementor-column elementor-col-33 elementor-top-column elementor-element elementor-element-0be8849\" data-id=\"0be8849\" data-element_type=\"column\" data-e-type=\"column\">\n\t\t\t<div class=\"elementor-widget-wrap elementor-element-populated\">\n\t\t\t\t\t\t<div class=\"elementor-element elementor-element-edd96c0 elementor-widget elementor-widget-image\" data-id=\"edd96c0\" data-element_type=\"widget\" data-e-type=\"widget\" data-widget_type=\"image.default\">\n\t\t\t\t<div class=\"elementor-widget-container\">\n\t\t\t\t\t\t\t\t\t\t\t\t<figure class=\"wp-caption\">\n\t\t\t\t\t\t\t\t\t\t<img loading=\"lazy\" decoding=\"async\" width=\"1024\" height=\"1024\" src=\"https:\/\/www.concejomunicipaldeduitama.gov.co\/wp-content\/uploads\/2023\/06\/Hector-Mateo-Centeno-Agudelo-1024x1024.jpg\" class=\"attachment-large size-large wp-image-2296\" alt=\"\" srcset=\"https:\/\/www.concejomunicipaldeduitama.gov.co\/wp-content\/uploads\/2023\/06\/Hector-Mateo-Centeno-Agudelo-1024x1024.jpg 1024w, https:\/\/www.concejomunicipaldeduitama.gov.co\/wp-content\/uploads\/2023\/06\/Hector-Mateo-Centeno-Agudelo-300x300.jpg 300w, https:\/\/www.concejomunicipaldeduitama.gov.co\/wp-content\/uploads\/2023\/06\/Hector-Mateo-Centeno-Agudelo-150x150.jpg 150w, https:\/\/www.concejomunicipaldeduitama.gov.co\/wp-content\/uploads\/2023\/06\/Hector-Mateo-Centeno-Agudelo-768x768.jpg 768w, https:\/\/www.concejomunicipaldeduitama.gov.co\/wp-content\/uploads\/2023\/06\/Hector-Mateo-Centeno-Agudelo.jpg 1080w\" sizes=\"(max-width: 1024px) 100vw, 1024px\" \/>\t\t\t\t\t\t\t\t\t\t\t<figcaption class=\"widget-image-caption wp-caption-text\">He\u0301ctor Mateo Centeno Agudelo<\/figcaption>\n\t\t\t\t\t\t\t\t\t\t<\/figure>\n\t\t\t\t\t\t\t\t\t<\/div>\n\t\t\t\t<\/div>\n\t\t\t\t\t<\/div>\n\t\t<\/div>\n\t\t\t\t<div class=\"elementor-column elementor-col-33 elementor-top-column elementor-element elementor-element-d9a314f\" data-id=\"d9a314f\" data-element_type=\"column\" data-e-type=\"column\">\n\t\t\t<div class=\"elementor-widget-wrap elementor-element-populated\">\n\t\t\t\t\t\t<div class=\"elementor-element elementor-element-e25e43f elementor-widget elementor-widget-image\" data-id=\"e25e43f\" data-element_type=\"widget\" data-e-type=\"widget\" data-widget_type=\"image.default\">\n\t\t\t\t<div class=\"elementor-widget-container\">\n\t\t\t\t\t\t\t\t\t\t\t\t<figure class=\"wp-caption\">\n\t\t\t\t\t\t\t\t\t\t<img loading=\"lazy\" decoding=\"async\" width=\"1080\" height=\"1080\" src=\"https:\/\/www.concejomunicipaldeduitama.gov.co\/wp-content\/uploads\/2023\/06\/Julian-David-Garcia-Rubio.jpg\" class=\"attachment-full size-full wp-image-2297\" alt=\"\" srcset=\"https:\/\/www.concejomunicipaldeduitama.gov.co\/wp-content\/uploads\/2023\/06\/Julian-David-Garcia-Rubio.jpg 1080w, https:\/\/www.concejomunicipaldeduitama.gov.co\/wp-content\/uploads\/2023\/06\/Julian-David-Garcia-Rubio-300x300.jpg 300w, https:\/\/www.concejomunicipaldeduitama.gov.co\/wp-content\/uploads\/2023\/06\/Julian-David-Garcia-Rubio-1024x1024.jpg 1024w, https:\/\/www.concejomunicipaldeduitama.gov.co\/wp-content\/uploads\/2023\/06\/Julian-David-Garcia-Rubio-150x150.jpg 150w, https:\/\/www.concejomunicipaldeduitama.gov.co\/wp-content\/uploads\/2023\/06\/Julian-David-Garcia-Rubio-768x768.jpg 768w\" sizes=\"(max-width: 1080px) 100vw, 1080px\" \/>\t\t\t\t\t\t\t\t\t\t\t<figcaption class=\"widget-image-caption wp-caption-text\">Juli\u00e1n David Garci\u0301a Rubio<\/figcaption>\n\t\t\t\t\t\t\t\t\t\t<\/figure>\n\t\t\t\t\t\t\t\t\t<\/div>\n\t\t\t\t<\/div>\n\t\t\t\t\t<\/div>\n\t\t<\/div>\n\t\t\t\t<div class=\"elementor-column elementor-col-33 elementor-top-column elementor-element elementor-element-d49ac1d\" data-id=\"d49ac1d\" data-element_type=\"column\" data-e-type=\"column\">\n\t\t\t<div class=\"elementor-widget-wrap elementor-element-populated\">\n\t\t\t\t\t\t<div class=\"elementor-element elementor-element-fa948ee elementor-widget elementor-widget-image\" data-id=\"fa948ee\" data-element_type=\"widget\" data-e-type=\"widget\" data-widget_type=\"image.default\">\n\t\t\t\t<div class=\"elementor-widget-container\">\n\t\t\t\t\t\t\t\t\t\t\t\t<figure class=\"wp-caption\">\n\t\t\t\t\t\t\t\t\t\t<img loading=\"lazy\" decoding=\"async\" width=\"1024\" height=\"1024\" src=\"https:\/\/www.concejomunicipaldeduitama.gov.co\/wp-content\/uploads\/2023\/06\/Julio-Enrique-Salcedo-Lopez-1024x1024.jpg\" class=\"attachment-large size-large wp-image-2295\" alt=\"\" srcset=\"https:\/\/www.concejomunicipaldeduitama.gov.co\/wp-content\/uploads\/2023\/06\/Julio-Enrique-Salcedo-Lopez-1024x1024.jpg 1024w, https:\/\/www.concejomunicipaldeduitama.gov.co\/wp-content\/uploads\/2023\/06\/Julio-Enrique-Salcedo-Lopez-300x300.jpg 300w, https:\/\/www.concejomunicipaldeduitama.gov.co\/wp-content\/uploads\/2023\/06\/Julio-Enrique-Salcedo-Lopez-150x150.jpg 150w, https:\/\/www.concejomunicipaldeduitama.gov.co\/wp-content\/uploads\/2023\/06\/Julio-Enrique-Salcedo-Lopez-768x768.jpg 768w, https:\/\/www.concejomunicipaldeduitama.gov.co\/wp-content\/uploads\/2023\/06\/Julio-Enrique-Salcedo-Lopez.jpg 1080w\" sizes=\"(max-width: 1024px) 100vw, 1024px\" \/>\t\t\t\t\t\t\t\t\t\t\t<figcaption class=\"widget-image-caption wp-caption-text\">Julio Enrique Salcedo Lo\u0301pez<\/figcaption>\n\t\t\t\t\t\t\t\t\t\t<\/figure>\n\t\t\t\t\t\t\t\t\t<\/div>\n\t\t\t\t<\/div>\n\t\t\t\t\t<\/div>\n\t\t<\/div>\n\t\t\t\t\t<\/div>\n\t\t<\/section>\n\t\t\t\t<section class=\"elementor-section elementor-top-section elementor-element elementor-element-e9eefe8 elementor-section-boxed elementor-section-height-default elementor-section-height-default\" data-id=\"e9eefe8\" data-element_type=\"section\" data-e-type=\"section\" data-settings=\"{&quot;background_background&quot;:&quot;classic&quot;}\">\n\t\t\t\t\t\t<div class=\"elementor-container elementor-column-gap-default\">\n\t\t\t\t\t<div class=\"elementor-column elementor-col-100 elementor-top-column elementor-element elementor-element-22965f0\" data-id=\"22965f0\" data-element_type=\"column\" data-e-type=\"column\">\n\t\t\t<div class=\"elementor-widget-wrap elementor-element-populated\">\n\t\t\t\t\t\t<div class=\"elementor-element elementor-element-3e5babe elementor-widget-divider--view-line elementor-widget elementor-widget-divider\" data-id=\"3e5babe\" data-element_type=\"widget\" data-e-type=\"widget\" data-widget_type=\"divider.default\">\n\t\t\t\t<div class=\"elementor-widget-container\">\n\t\t\t\t\t\t\t<div class=\"elementor-divider\">\n\t\t\t<span class=\"elementor-divider-separator\">\n\t\t\t\t\t\t<\/span>\n\t\t<\/div>\n\t\t\t\t\t\t<\/div>\n\t\t\t\t<\/div>\n\t\t\t\t<div class=\"elementor-element elementor-element-1587ec1 elementor-widget elementor-widget-heading\" data-id=\"1587ec1\" data-element_type=\"widget\" data-e-type=\"widget\" data-widget_type=\"heading.default\">\n\t\t\t\t<div class=\"elementor-widget-container\">\n\t\t\t\t\t<h2 class=\"elementor-heading-title elementor-size-default\">Bancada Partido Liberal Colombiano<\/h2>\t\t\t\t<\/div>\n\t\t\t\t<\/div>\n\t\t\t\t\t<\/div>\n\t\t<\/div>\n\t\t\t\t\t<\/div>\n\t\t<\/section>\n\t\t\t\t<section class=\"elementor-section elementor-top-section elementor-element elementor-element-4ed0878 elementor-section-boxed elementor-section-height-default elementor-section-height-default\" data-id=\"4ed0878\" data-element_type=\"section\" data-e-type=\"section\" data-settings=\"{&quot;background_background&quot;:&quot;classic&quot;}\">\n\t\t\t\t\t\t<div class=\"elementor-container elementor-column-gap-default\">\n\t\t\t\t\t<div class=\"elementor-column elementor-col-33 elementor-top-column elementor-element elementor-element-480c325\" data-id=\"480c325\" data-element_type=\"column\" data-e-type=\"column\">\n\t\t\t<div class=\"elementor-widget-wrap elementor-element-populated\">\n\t\t\t\t\t\t<div class=\"elementor-element elementor-element-2173d62 elementor-widget elementor-widget-image\" data-id=\"2173d62\" data-element_type=\"widget\" data-e-type=\"widget\" data-widget_type=\"image.default\">\n\t\t\t\t<div class=\"elementor-widget-container\">\n\t\t\t\t\t\t\t\t\t\t\t\t<figure class=\"wp-caption\">\n\t\t\t\t\t\t\t\t\t\t<img loading=\"lazy\" decoding=\"async\" width=\"1024\" height=\"1024\" src=\"https:\/\/www.concejomunicipaldeduitama.gov.co\/wp-content\/uploads\/2023\/06\/Hernan-Danilo-Rodriguez-Romero-1-1024x1024.jpg\" class=\"attachment-large size-large wp-image-2313\" alt=\"\" srcset=\"https:\/\/www.concejomunicipaldeduitama.gov.co\/wp-content\/uploads\/2023\/06\/Hernan-Danilo-Rodriguez-Romero-1-1024x1024.jpg 1024w, https:\/\/www.concejomunicipaldeduitama.gov.co\/wp-content\/uploads\/2023\/06\/Hernan-Danilo-Rodriguez-Romero-1-300x300.jpg 300w, https:\/\/www.concejomunicipaldeduitama.gov.co\/wp-content\/uploads\/2023\/06\/Hernan-Danilo-Rodriguez-Romero-1-150x150.jpg 150w, https:\/\/www.concejomunicipaldeduitama.gov.co\/wp-content\/uploads\/2023\/06\/Hernan-Danilo-Rodriguez-Romero-1-768x768.jpg 768w, https:\/\/www.concejomunicipaldeduitama.gov.co\/wp-content\/uploads\/2023\/06\/Hernan-Danilo-Rodriguez-Romero-1.jpg 1080w\" sizes=\"(max-width: 1024px) 100vw, 1024px\" \/>\t\t\t\t\t\t\t\t\t\t\t<figcaption class=\"widget-image-caption wp-caption-text\">Herna\u0301n Danilo Rodri\u0301guez Romero<\/figcaption>\n\t\t\t\t\t\t\t\t\t\t<\/figure>\n\t\t\t\t\t\t\t\t\t<\/div>\n\t\t\t\t<\/div>\n\t\t\t\t\t<\/div>\n\t\t<\/div>\n\t\t\t\t<div class=\"elementor-column elementor-col-33 elementor-top-column elementor-element elementor-element-866e764\" data-id=\"866e764\" data-element_type=\"column\" data-e-type=\"column\">\n\t\t\t<div class=\"elementor-widget-wrap elementor-element-populated\">\n\t\t\t\t\t\t<div class=\"elementor-element elementor-element-1ec20f1 elementor-widget elementor-widget-image\" data-id=\"1ec20f1\" data-element_type=\"widget\" data-e-type=\"widget\" data-widget_type=\"image.default\">\n\t\t\t\t<div class=\"elementor-widget-container\">\n\t\t\t\t\t\t\t\t\t\t\t\t<figure class=\"wp-caption\">\n\t\t\t\t\t\t\t\t\t\t<img loading=\"lazy\" decoding=\"async\" width=\"1080\" height=\"1080\" src=\"https:\/\/www.concejomunicipaldeduitama.gov.co\/wp-content\/uploads\/2023\/06\/Christian-Gabriel-Albarracin-Vazquez-1.jpg\" class=\"attachment-full size-full wp-image-2312\" alt=\"\" srcset=\"https:\/\/www.concejomunicipaldeduitama.gov.co\/wp-content\/uploads\/2023\/06\/Christian-Gabriel-Albarracin-Vazquez-1.jpg 1080w, https:\/\/www.concejomunicipaldeduitama.gov.co\/wp-content\/uploads\/2023\/06\/Christian-Gabriel-Albarracin-Vazquez-1-300x300.jpg 300w, https:\/\/www.concejomunicipaldeduitama.gov.co\/wp-content\/uploads\/2023\/06\/Christian-Gabriel-Albarracin-Vazquez-1-1024x1024.jpg 1024w, https:\/\/www.concejomunicipaldeduitama.gov.co\/wp-content\/uploads\/2023\/06\/Christian-Gabriel-Albarracin-Vazquez-1-150x150.jpg 150w, https:\/\/www.concejomunicipaldeduitama.gov.co\/wp-content\/uploads\/2023\/06\/Christian-Gabriel-Albarracin-Vazquez-1-768x768.jpg 768w\" sizes=\"(max-width: 1080px) 100vw, 1080px\" \/>\t\t\t\t\t\t\t\t\t\t\t<figcaption class=\"widget-image-caption wp-caption-text\">Christian Gabriel Albarrac\u00edn V\u00e1squez<\/figcaption>\n\t\t\t\t\t\t\t\t\t\t<\/figure>\n\t\t\t\t\t\t\t\t\t<\/div>\n\t\t\t\t<\/div>\n\t\t\t\t\t<\/div>\n\t\t<\/div>\n\t\t\t\t<div class=\"elementor-column elementor-col-33 elementor-top-column elementor-element elementor-element-d43f944\" data-id=\"d43f944\" data-element_type=\"column\" data-e-type=\"column\">\n\t\t\t<div class=\"elementor-widget-wrap elementor-element-populated\">\n\t\t\t\t\t\t<div class=\"elementor-element elementor-element-a835a0f elementor-widget elementor-widget-image\" data-id=\"a835a0f\" data-element_type=\"widget\" data-e-type=\"widget\" data-widget_type=\"image.default\">\n\t\t\t\t<div class=\"elementor-widget-container\">\n\t\t\t\t\t\t\t\t\t\t\t\t<figure class=\"wp-caption\">\n\t\t\t\t\t\t\t\t\t\t<img loading=\"lazy\" decoding=\"async\" width=\"1024\" height=\"1024\" src=\"https:\/\/www.concejomunicipaldeduitama.gov.co\/wp-content\/uploads\/2023\/06\/William-Rene-Higuera-Morales--1024x1024.jpg\" class=\"attachment-large size-large wp-image-2238\" alt=\"\" srcset=\"https:\/\/www.concejomunicipaldeduitama.gov.co\/wp-content\/uploads\/2023\/06\/William-Rene-Higuera-Morales--1024x1024.jpg 1024w, https:\/\/www.concejomunicipaldeduitama.gov.co\/wp-content\/uploads\/2023\/06\/William-Rene-Higuera-Morales--300x300.jpg 300w, https:\/\/www.concejomunicipaldeduitama.gov.co\/wp-content\/uploads\/2023\/06\/William-Rene-Higuera-Morales--150x150.jpg 150w, https:\/\/www.concejomunicipaldeduitama.gov.co\/wp-content\/uploads\/2023\/06\/William-Rene-Higuera-Morales--768x768.jpg 768w, https:\/\/www.concejomunicipaldeduitama.gov.co\/wp-content\/uploads\/2023\/06\/William-Rene-Higuera-Morales-.jpg 1080w\" sizes=\"(max-width: 1024px) 100vw, 1024px\" \/>\t\t\t\t\t\t\t\t\t\t\t<figcaption class=\"widget-image-caption wp-caption-text\">William Rene\u0301 Higuera Morales <\/figcaption>\n\t\t\t\t\t\t\t\t\t\t<\/figure>\n\t\t\t\t\t\t\t\t\t<\/div>\n\t\t\t\t<\/div>\n\t\t\t\t\t<\/div>\n\t\t<\/div>\n\t\t\t\t\t<\/div>\n\t\t<\/section>\n\t\t\t\t<section class=\"elementor-section elementor-top-section elementor-element elementor-element-a312677 elementor-section-boxed elementor-section-height-default elementor-section-height-default\" data-id=\"a312677\" data-element_type=\"section\" data-e-type=\"section\" data-settings=\"{&quot;background_background&quot;:&quot;classic&quot;}\">\n\t\t\t\t\t\t<div class=\"elementor-container elementor-column-gap-default\">\n\t\t\t\t\t<div class=\"elementor-column elementor-col-100 elementor-top-column elementor-element elementor-element-08e27e0\" data-id=\"08e27e0\" data-element_type=\"column\" data-e-type=\"column\">\n\t\t\t<div class=\"elementor-widget-wrap elementor-element-populated\">\n\t\t\t\t\t\t<div class=\"elementor-element elementor-element-87770e5 elementor-widget-divider--view-line elementor-widget elementor-widget-divider\" data-id=\"87770e5\" data-element_type=\"widget\" data-e-type=\"widget\" data-widget_type=\"divider.default\">\n\t\t\t\t<div class=\"elementor-widget-container\">\n\t\t\t\t\t\t\t<div class=\"elementor-divider\">\n\t\t\t<span class=\"elementor-divider-separator\">\n\t\t\t\t\t\t<\/span>\n\t\t<\/div>\n\t\t\t\t\t\t<\/div>\n\t\t\t\t<\/div>\n\t\t\t\t<div class=\"elementor-element elementor-element-e7d1a2d elementor-widget elementor-widget-heading\" data-id=\"e7d1a2d\" data-element_type=\"widget\" data-e-type=\"widget\" data-widget_type=\"heading.default\">\n\t\t\t\t<div class=\"elementor-widget-container\">\n\t\t\t\t\t<h2 class=\"elementor-heading-title elementor-size-default\">Bancada Partido Conservador Colombiano<\/h2>\t\t\t\t<\/div>\n\t\t\t\t<\/div>\n\t\t\t\t\t<\/div>\n\t\t<\/div>\n\t\t\t\t\t<\/div>\n\t\t<\/section>\n\t\t\t\t<section class=\"elementor-section elementor-top-section elementor-element elementor-element-0533eab elementor-section-boxed elementor-section-height-default elementor-section-height-default\" data-id=\"0533eab\" data-element_type=\"section\" data-e-type=\"section\" data-settings=\"{&quot;background_background&quot;:&quot;classic&quot;}\">\n\t\t\t\t\t\t<div class=\"elementor-container elementor-column-gap-default\">\n\t\t\t\t\t<div class=\"elementor-column elementor-col-50 elementor-top-column elementor-element elementor-element-7a52819\" data-id=\"7a52819\" data-element_type=\"column\" data-e-type=\"column\">\n\t\t\t<div class=\"elementor-widget-wrap elementor-element-populated\">\n\t\t\t\t\t\t<div class=\"elementor-element elementor-element-d3cdd31 elementor-widget elementor-widget-image\" data-id=\"d3cdd31\" data-element_type=\"widget\" data-e-type=\"widget\" data-widget_type=\"image.default\">\n\t\t\t\t<div class=\"elementor-widget-container\">\n\t\t\t\t\t\t\t\t\t\t\t\t<figure class=\"wp-caption\">\n\t\t\t\t\t\t\t\t\t\t<img loading=\"lazy\" decoding=\"async\" width=\"1024\" height=\"1024\" src=\"https:\/\/www.concejomunicipaldeduitama.gov.co\/wp-content\/uploads\/2023\/06\/Doris-Yolanda-Castillo-Nino-1024x1024.jpg\" class=\"attachment-large size-large wp-image-2239\" alt=\"\" srcset=\"https:\/\/www.concejomunicipaldeduitama.gov.co\/wp-content\/uploads\/2023\/06\/Doris-Yolanda-Castillo-Nino-1024x1024.jpg 1024w, https:\/\/www.concejomunicipaldeduitama.gov.co\/wp-content\/uploads\/2023\/06\/Doris-Yolanda-Castillo-Nino-300x300.jpg 300w, https:\/\/www.concejomunicipaldeduitama.gov.co\/wp-content\/uploads\/2023\/06\/Doris-Yolanda-Castillo-Nino-150x150.jpg 150w, https:\/\/www.concejomunicipaldeduitama.gov.co\/wp-content\/uploads\/2023\/06\/Doris-Yolanda-Castillo-Nino-768x768.jpg 768w, https:\/\/www.concejomunicipaldeduitama.gov.co\/wp-content\/uploads\/2023\/06\/Doris-Yolanda-Castillo-Nino.jpg 1080w\" sizes=\"(max-width: 1024px) 100vw, 1024px\" \/>\t\t\t\t\t\t\t\t\t\t\t<figcaption class=\"widget-image-caption wp-caption-text\">Doris Yolanda Castillo Nin\u0303o<\/figcaption>\n\t\t\t\t\t\t\t\t\t\t<\/figure>\n\t\t\t\t\t\t\t\t\t<\/div>\n\t\t\t\t<\/div>\n\t\t\t\t\t<\/div>\n\t\t<\/div>\n\t\t\t\t<div class=\"elementor-column elementor-col-50 elementor-top-column elementor-element elementor-element-af7eba2\" data-id=\"af7eba2\" data-element_type=\"column\" data-e-type=\"column\">\n\t\t\t<div class=\"elementor-widget-wrap elementor-element-populated\">\n\t\t\t\t\t\t<div class=\"elementor-element elementor-element-0effbfa elementor-widget elementor-widget-image\" data-id=\"0effbfa\" data-element_type=\"widget\" data-e-type=\"widget\" data-widget_type=\"image.default\">\n\t\t\t\t<div class=\"elementor-widget-container\">\n\t\t\t\t\t\t\t\t\t\t\t\t<figure class=\"wp-caption\">\n\t\t\t\t\t\t\t\t\t\t<img loading=\"lazy\" decoding=\"async\" width=\"1080\" height=\"1080\" src=\"https:\/\/www.concejomunicipaldeduitama.gov.co\/wp-content\/uploads\/2023\/06\/Luis-Alirio-Figueroa-Cordon.jpg\" class=\"attachment-full size-full wp-image-2324\" alt=\"\" srcset=\"https:\/\/www.concejomunicipaldeduitama.gov.co\/wp-content\/uploads\/2023\/06\/Luis-Alirio-Figueroa-Cordon.jpg 1080w, https:\/\/www.concejomunicipaldeduitama.gov.co\/wp-content\/uploads\/2023\/06\/Luis-Alirio-Figueroa-Cordon-300x300.jpg 300w, https:\/\/www.concejomunicipaldeduitama.gov.co\/wp-content\/uploads\/2023\/06\/Luis-Alirio-Figueroa-Cordon-1024x1024.jpg 1024w, https:\/\/www.concejomunicipaldeduitama.gov.co\/wp-content\/uploads\/2023\/06\/Luis-Alirio-Figueroa-Cordon-150x150.jpg 150w, https:\/\/www.concejomunicipaldeduitama.gov.co\/wp-content\/uploads\/2023\/06\/Luis-Alirio-Figueroa-Cordon-768x768.jpg 768w\" sizes=\"(max-width: 1080px) 100vw, 1080px\" \/>\t\t\t\t\t\t\t\t\t\t\t<figcaption class=\"widget-image-caption wp-caption-text\">Luis Alirio Figueroa Cordo\u0301n<\/figcaption>\n\t\t\t\t\t\t\t\t\t\t<\/figure>\n\t\t\t\t\t\t\t\t\t<\/div>\n\t\t\t\t<\/div>\n\t\t\t\t\t<\/div>\n\t\t<\/div>\n\t\t\t\t\t<\/div>\n\t\t<\/section>\n\t\t\t\t<section class=\"elementor-section elementor-top-section elementor-element elementor-element-22d2a5c elementor-section-boxed elementor-section-height-default elementor-section-height-default\" data-id=\"22d2a5c\" data-element_type=\"section\" data-e-type=\"section\" data-settings=\"{&quot;background_background&quot;:&quot;classic&quot;}\">\n\t\t\t\t\t\t<div class=\"elementor-container elementor-column-gap-default\">\n\t\t\t\t\t<div class=\"elementor-column elementor-col-100 elementor-top-column elementor-element elementor-element-4c08f14\" data-id=\"4c08f14\" data-element_type=\"column\" data-e-type=\"column\">\n\t\t\t<div class=\"elementor-widget-wrap elementor-element-populated\">\n\t\t\t\t\t\t<div class=\"elementor-element elementor-element-c5b9695 elementor-widget-divider--view-line elementor-widget elementor-widget-divider\" data-id=\"c5b9695\" data-element_type=\"widget\" data-e-type=\"widget\" data-widget_type=\"divider.default\">\n\t\t\t\t<div class=\"elementor-widget-container\">\n\t\t\t\t\t\t\t<div class=\"elementor-divider\">\n\t\t\t<span class=\"elementor-divider-separator\">\n\t\t\t\t\t\t<\/span>\n\t\t<\/div>\n\t\t\t\t\t\t<\/div>\n\t\t\t\t<\/div>\n\t\t\t\t<div class=\"elementor-element elementor-element-86cbf65 elementor-widget elementor-widget-heading\" data-id=\"86cbf65\" data-element_type=\"widget\" data-e-type=\"widget\" data-widget_type=\"heading.default\">\n\t\t\t\t<div class=\"elementor-widget-container\">\n\t\t\t\t\t<h2 class=\"elementor-heading-title elementor-size-default\">Bancada Partido Alianza Social Independiente<\/h2>\t\t\t\t<\/div>\n\t\t\t\t<\/div>\n\t\t\t\t\t<\/div>\n\t\t<\/div>\n\t\t\t\t\t<\/div>\n\t\t<\/section>\n\t\t\t\t<section class=\"elementor-section elementor-top-section elementor-element elementor-element-9a69667 elementor-section-boxed elementor-section-height-default elementor-section-height-default\" data-id=\"9a69667\" data-element_type=\"section\" data-e-type=\"section\" data-settings=\"{&quot;background_background&quot;:&quot;classic&quot;}\">\n\t\t\t\t\t\t<div class=\"elementor-container elementor-column-gap-default\">\n\t\t\t\t\t<div class=\"elementor-column elementor-col-100 elementor-top-column elementor-element elementor-element-f351331\" data-id=\"f351331\" data-element_type=\"column\" data-e-type=\"column\">\n\t\t\t<div class=\"elementor-widget-wrap elementor-element-populated\">\n\t\t\t\t\t\t<div class=\"elementor-element elementor-element-c2e5d8f elementor-widget elementor-widget-image\" data-id=\"c2e5d8f\" data-element_type=\"widget\" data-e-type=\"widget\" data-widget_type=\"image.default\">\n\t\t\t\t<div class=\"elementor-widget-container\">\n\t\t\t\t\t\t\t\t\t\t\t\t<figure class=\"wp-caption\">\n\t\t\t\t\t\t\t\t\t\t<img loading=\"lazy\" decoding=\"async\" width=\"1024\" height=\"1024\" src=\"https:\/\/www.concejomunicipaldeduitama.gov.co\/wp-content\/uploads\/2023\/06\/Omar-James-Puerto-Medina-1024x1024.jpg\" class=\"attachment-large size-large wp-image-2330\" alt=\"\" srcset=\"https:\/\/www.concejomunicipaldeduitama.gov.co\/wp-content\/uploads\/2023\/06\/Omar-James-Puerto-Medina-1024x1024.jpg 1024w, https:\/\/www.concejomunicipaldeduitama.gov.co\/wp-content\/uploads\/2023\/06\/Omar-James-Puerto-Medina-300x300.jpg 300w, https:\/\/www.concejomunicipaldeduitama.gov.co\/wp-content\/uploads\/2023\/06\/Omar-James-Puerto-Medina-150x150.jpg 150w, https:\/\/www.concejomunicipaldeduitama.gov.co\/wp-content\/uploads\/2023\/06\/Omar-James-Puerto-Medina-768x768.jpg 768w, https:\/\/www.concejomunicipaldeduitama.gov.co\/wp-content\/uploads\/2023\/06\/Omar-James-Puerto-Medina.jpg 1080w\" sizes=\"(max-width: 1024px) 100vw, 1024px\" \/>\t\t\t\t\t\t\t\t\t\t\t<figcaption class=\"widget-image-caption wp-caption-text\">Omar James Puerto Medina<\/figcaption>\n\t\t\t\t\t\t\t\t\t\t<\/figure>\n\t\t\t\t\t\t\t\t\t<\/div>\n\t\t\t\t<\/div>\n\t\t\t\t\t<\/div>\n\t\t<\/div>\n\t\t\t\t\t<\/div>\n\t\t<\/section>\n\t\t\t\t<section class=\"elementor-section elementor-top-section elementor-element elementor-element-c00da75 elementor-section-boxed elementor-section-height-default elementor-section-height-default\" data-id=\"c00da75\" data-element_type=\"section\" data-e-type=\"section\" data-settings=\"{&quot;background_background&quot;:&quot;classic&quot;}\">\n\t\t\t\t\t\t<div class=\"elementor-container elementor-column-gap-default\">\n\t\t\t\t\t<div class=\"elementor-column elementor-col-100 elementor-top-column elementor-element elementor-element-c504a5e\" data-id=\"c504a5e\" data-element_type=\"column\" data-e-type=\"column\">\n\t\t\t<div class=\"elementor-widget-wrap elementor-element-populated\">\n\t\t\t\t\t\t<div class=\"elementor-element elementor-element-e830bfd elementor-widget-divider--view-line elementor-widget elementor-widget-divider\" data-id=\"e830bfd\" data-element_type=\"widget\" data-e-type=\"widget\" data-widget_type=\"divider.default\">\n\t\t\t\t<div class=\"elementor-widget-container\">\n\t\t\t\t\t\t\t<div class=\"elementor-divider\">\n\t\t\t<span class=\"elementor-divider-separator\">\n\t\t\t\t\t\t<\/span>\n\t\t<\/div>\n\t\t\t\t\t\t<\/div>\n\t\t\t\t<\/div>\n\t\t\t\t<div class=\"elementor-element elementor-element-6363e89 elementor-widget elementor-widget-heading\" data-id=\"6363e89\" data-element_type=\"widget\" data-e-type=\"widget\" data-widget_type=\"heading.default\">\n\t\t\t\t<div class=\"elementor-widget-container\">\n\t\t\t\t\t<h2 class=\"elementor-heading-title elementor-size-default\">Bancada Partido De La U<\/h2>\t\t\t\t<\/div>\n\t\t\t\t<\/div>\n\t\t\t\t\t<\/div>\n\t\t<\/div>\n\t\t\t\t\t<\/div>\n\t\t<\/section>\n\t\t\t\t<section class=\"elementor-section elementor-top-section elementor-element elementor-element-2112aaa elementor-section-boxed elementor-section-height-default elementor-section-height-default\" data-id=\"2112aaa\" data-element_type=\"section\" data-e-type=\"section\" data-settings=\"{&quot;background_background&quot;:&quot;classic&quot;}\">\n\t\t\t\t\t\t<div class=\"elementor-container elementor-column-gap-default\">\n\t\t\t\t\t<div class=\"elementor-column elementor-col-100 elementor-top-column elementor-element elementor-element-180ea60\" data-id=\"180ea60\" data-element_type=\"column\" data-e-type=\"column\">\n\t\t\t<div class=\"elementor-widget-wrap elementor-element-populated\">\n\t\t\t\t\t\t<div class=\"elementor-element elementor-element-12747f4 elementor-widget elementor-widget-image\" data-id=\"12747f4\" data-element_type=\"widget\" data-e-type=\"widget\" data-widget_type=\"image.default\">\n\t\t\t\t<div class=\"elementor-widget-container\">\n\t\t\t\t\t\t\t\t\t\t\t\t<figure class=\"wp-caption\">\n\t\t\t\t\t\t\t\t\t\t<img loading=\"lazy\" decoding=\"async\" width=\"1024\" height=\"1024\" src=\"https:\/\/www.concejomunicipaldeduitama.gov.co\/wp-content\/uploads\/2023\/06\/Oscar-Francisco-Rosas-Valderrama-1024x1024.jpg\" class=\"attachment-large size-large wp-image-2329\" alt=\"\" srcset=\"https:\/\/www.concejomunicipaldeduitama.gov.co\/wp-content\/uploads\/2023\/06\/Oscar-Francisco-Rosas-Valderrama-1024x1024.jpg 1024w, https:\/\/www.concejomunicipaldeduitama.gov.co\/wp-content\/uploads\/2023\/06\/Oscar-Francisco-Rosas-Valderrama-300x300.jpg 300w, https:\/\/www.concejomunicipaldeduitama.gov.co\/wp-content\/uploads\/2023\/06\/Oscar-Francisco-Rosas-Valderrama-150x150.jpg 150w, https:\/\/www.concejomunicipaldeduitama.gov.co\/wp-content\/uploads\/2023\/06\/Oscar-Francisco-Rosas-Valderrama-768x768.jpg 768w, https:\/\/www.concejomunicipaldeduitama.gov.co\/wp-content\/uploads\/2023\/06\/Oscar-Francisco-Rosas-Valderrama.jpg 1080w\" sizes=\"(max-width: 1024px) 100vw, 1024px\" \/>\t\t\t\t\t\t\t\t\t\t\t<figcaption class=\"widget-image-caption wp-caption-text\">Oscar Francisco Rosas Valderrama<\/figcaption>\n\t\t\t\t\t\t\t\t\t\t<\/figure>\n\t\t\t\t\t\t\t\t\t<\/div>\n\t\t\t\t<\/div>\n\t\t\t\t\t<\/div>\n\t\t<\/div>\n\t\t\t\t\t<\/div>\n\t\t<\/section>\n\t\t\t\t<section class=\"elementor-section elementor-top-section elementor-element elementor-element-f5d705a elementor-section-boxed elementor-section-height-default elementor-section-height-default\" data-id=\"f5d705a\" data-element_type=\"section\" data-e-type=\"section\" data-settings=\"{&quot;background_background&quot;:&quot;classic&quot;}\">\n\t\t\t\t\t\t<div class=\"elementor-container elementor-column-gap-default\">\n\t\t\t\t\t<div class=\"elementor-column elementor-col-100 elementor-top-column elementor-element elementor-element-9efc93b\" data-id=\"9efc93b\" data-element_type=\"column\" data-e-type=\"column\">\n\t\t\t<div class=\"elementor-widget-wrap elementor-element-populated\">\n\t\t\t\t\t\t<div class=\"elementor-element elementor-element-cf747d4 elementor-widget-divider--view-line elementor-widget elementor-widget-divider\" data-id=\"cf747d4\" data-element_type=\"widget\" data-e-type=\"widget\" data-widget_type=\"divider.default\">\n\t\t\t\t<div class=\"elementor-widget-container\">\n\t\t\t\t\t\t\t<div class=\"elementor-divider\">\n\t\t\t<span class=\"elementor-divider-separator\">\n\t\t\t\t\t\t<\/span>\n\t\t<\/div>\n\t\t\t\t\t\t<\/div>\n\t\t\t\t<\/div>\n\t\t\t\t<div class=\"elementor-element elementor-element-7339644 elementor-widget elementor-widget-heading\" data-id=\"7339644\" data-element_type=\"widget\" data-e-type=\"widget\" data-widget_type=\"heading.default\">\n\t\t\t\t<div class=\"elementor-widget-container\">\n\t\t\t\t\t<h2 class=\"elementor-heading-title elementor-size-default\">Bancada Partido Movimiento Alternativo Ind\u00edgena y Social<\/h2>\t\t\t\t<\/div>\n\t\t\t\t<\/div>\n\t\t\t\t\t<\/div>\n\t\t<\/div>\n\t\t\t\t\t<\/div>\n\t\t<\/section>\n\t\t\t\t<section class=\"elementor-section elementor-top-section elementor-element elementor-element-e293902 elementor-section-boxed elementor-section-height-default elementor-section-height-default\" data-id=\"e293902\" data-element_type=\"section\" data-e-type=\"section\" data-settings=\"{&quot;background_background&quot;:&quot;classic&quot;}\">\n\t\t\t\t\t\t<div class=\"elementor-container elementor-column-gap-default\">\n\t\t\t\t\t<div class=\"elementor-column elementor-col-100 elementor-top-column elementor-element elementor-element-1748693\" data-id=\"1748693\" data-element_type=\"column\" data-e-type=\"column\">\n\t\t\t<div class=\"elementor-widget-wrap elementor-element-populated\">\n\t\t\t\t\t\t<div class=\"elementor-element elementor-element-649fdb8 elementor-widget elementor-widget-image\" data-id=\"649fdb8\" data-element_type=\"widget\" data-e-type=\"widget\" data-widget_type=\"image.default\">\n\t\t\t\t<div class=\"elementor-widget-container\">\n\t\t\t\t\t\t\t\t\t\t\t\t<figure class=\"wp-caption\">\n\t\t\t\t\t\t\t\t\t\t<img loading=\"lazy\" decoding=\"async\" width=\"1024\" height=\"1024\" src=\"https:\/\/www.concejomunicipaldeduitama.gov.co\/wp-content\/uploads\/2023\/06\/Carlos-Enrique-Torres-Tobito-1024x1024.jpg\" class=\"attachment-large size-large wp-image-2328\" alt=\"\" srcset=\"https:\/\/www.concejomunicipaldeduitama.gov.co\/wp-content\/uploads\/2023\/06\/Carlos-Enrique-Torres-Tobito-1024x1024.jpg 1024w, https:\/\/www.concejomunicipaldeduitama.gov.co\/wp-content\/uploads\/2023\/06\/Carlos-Enrique-Torres-Tobito-300x300.jpg 300w, https:\/\/www.concejomunicipaldeduitama.gov.co\/wp-content\/uploads\/2023\/06\/Carlos-Enrique-Torres-Tobito-150x150.jpg 150w, https:\/\/www.concejomunicipaldeduitama.gov.co\/wp-content\/uploads\/2023\/06\/Carlos-Enrique-Torres-Tobito-768x768.jpg 768w, https:\/\/www.concejomunicipaldeduitama.gov.co\/wp-content\/uploads\/2023\/06\/Carlos-Enrique-Torres-Tobito.jpg 1080w\" sizes=\"(max-width: 1024px) 100vw, 1024px\" \/>\t\t\t\t\t\t\t\t\t\t\t<figcaption class=\"widget-image-caption wp-caption-text\">Carlos Enrique Torres Tobito<\/figcaption>\n\t\t\t\t\t\t\t\t\t\t<\/figure>\n\t\t\t\t\t\t\t\t\t<\/div>\n\t\t\t\t<\/div>\n\t\t\t\t\t<\/div>\n\t\t<\/div>\n\t\t\t\t\t<\/div>\n\t\t<\/section>\n\t\t\t\t<section class=\"elementor-section elementor-top-section elementor-element elementor-element-7c97e25 elementor-section-boxed elementor-section-height-default elementor-section-height-default\" data-id=\"7c97e25\" data-element_type=\"section\" data-e-type=\"section\" data-settings=\"{&quot;background_background&quot;:&quot;classic&quot;}\">\n\t\t\t\t\t\t<div class=\"elementor-container elementor-column-gap-default\">\n\t\t\t\t\t<div class=\"elementor-column elementor-col-100 elementor-top-column elementor-element elementor-element-eaa952d\" data-id=\"eaa952d\" data-element_type=\"column\" data-e-type=\"column\">\n\t\t\t<div class=\"elementor-widget-wrap elementor-element-populated\">\n\t\t\t\t\t\t<div class=\"elementor-element elementor-element-18edbd1 elementor-widget-divider--view-line elementor-widget elementor-widget-divider\" data-id=\"18edbd1\" data-element_type=\"widget\" data-e-type=\"widget\" data-widget_type=\"divider.default\">\n\t\t\t\t<div class=\"elementor-widget-container\">\n\t\t\t\t\t\t\t<div class=\"elementor-divider\">\n\t\t\t<span class=\"elementor-divider-separator\">\n\t\t\t\t\t\t<\/span>\n\t\t<\/div>\n\t\t\t\t\t\t<\/div>\n\t\t\t\t<\/div>\n\t\t\t\t<div class=\"elementor-element elementor-element-d3e2764 elementor-widget elementor-widget-heading\" data-id=\"d3e2764\" data-element_type=\"widget\" data-e-type=\"widget\" data-widget_type=\"heading.default\">\n\t\t\t\t<div class=\"elementor-widget-container\">\n\t\t\t\t\t<h2 class=\"elementor-heading-title elementor-size-default\">Bancada Partido Mira<\/h2>\t\t\t\t<\/div>\n\t\t\t\t<\/div>\n\t\t\t\t\t<\/div>\n\t\t<\/div>\n\t\t\t\t\t<\/div>\n\t\t<\/section>\n\t\t\t\t<section class=\"elementor-section elementor-top-section elementor-element elementor-element-7b55842 elementor-section-boxed elementor-section-height-default elementor-section-height-default\" data-id=\"7b55842\" data-element_type=\"section\" data-e-type=\"section\" data-settings=\"{&quot;background_background&quot;:&quot;classic&quot;}\">\n\t\t\t\t\t\t<div class=\"elementor-container elementor-column-gap-default\">\n\t\t\t\t\t<div class=\"elementor-column elementor-col-100 elementor-top-column elementor-element elementor-element-eccd36d\" data-id=\"eccd36d\" data-element_type=\"column\" data-e-type=\"column\">\n\t\t\t<div class=\"elementor-widget-wrap elementor-element-populated\">\n\t\t\t\t\t\t<div class=\"elementor-element elementor-element-aa7823f elementor-widget elementor-widget-image\" data-id=\"aa7823f\" data-element_type=\"widget\" data-e-type=\"widget\" data-widget_type=\"image.default\">\n\t\t\t\t<div class=\"elementor-widget-container\">\n\t\t\t\t\t\t\t\t\t\t\t\t<figure class=\"wp-caption\">\n\t\t\t\t\t\t\t\t\t\t<img loading=\"lazy\" decoding=\"async\" width=\"1024\" height=\"1024\" src=\"https:\/\/www.concejomunicipaldeduitama.gov.co\/wp-content\/uploads\/2023\/06\/Hector-Julio-Rodriguez-Sierra-1024x1024.jpg\" class=\"attachment-large size-large wp-image-2327\" alt=\"\" srcset=\"https:\/\/www.concejomunicipaldeduitama.gov.co\/wp-content\/uploads\/2023\/06\/Hector-Julio-Rodriguez-Sierra-1024x1024.jpg 1024w, https:\/\/www.concejomunicipaldeduitama.gov.co\/wp-content\/uploads\/2023\/06\/Hector-Julio-Rodriguez-Sierra-300x300.jpg 300w, https:\/\/www.concejomunicipaldeduitama.gov.co\/wp-content\/uploads\/2023\/06\/Hector-Julio-Rodriguez-Sierra-150x150.jpg 150w, https:\/\/www.concejomunicipaldeduitama.gov.co\/wp-content\/uploads\/2023\/06\/Hector-Julio-Rodriguez-Sierra-768x768.jpg 768w, https:\/\/www.concejomunicipaldeduitama.gov.co\/wp-content\/uploads\/2023\/06\/Hector-Julio-Rodriguez-Sierra.jpg 1080w\" sizes=\"(max-width: 1024px) 100vw, 1024px\" \/>\t\t\t\t\t\t\t\t\t\t\t<figcaption class=\"widget-image-caption wp-caption-text\">H\u00e9ctor Julio Rodr\u00edguez Sierra<\/figcaption>\n\t\t\t\t\t\t\t\t\t\t<\/figure>\n\t\t\t\t\t\t\t\t\t<\/div>\n\t\t\t\t<\/div>\n\t\t\t\t\t<\/div>\n\t\t<\/div>\n\t\t\t\t\t<\/div>\n\t\t<\/section>\n\t\t\t\t<section class=\"elementor-section elementor-top-section elementor-element elementor-element-9ad2244 elementor-section-boxed elementor-section-height-default elementor-section-height-default\" data-id=\"9ad2244\" data-element_type=\"section\" data-e-type=\"section\" data-settings=\"{&quot;background_background&quot;:&quot;classic&quot;}\">\n\t\t\t\t\t\t<div class=\"elementor-container elementor-column-gap-default\">\n\t\t\t\t\t<div class=\"elementor-column elementor-col-100 elementor-top-column elementor-element elementor-element-ab8822b\" data-id=\"ab8822b\" data-element_type=\"column\" data-e-type=\"column\">\n\t\t\t<div class=\"elementor-widget-wrap elementor-element-populated\">\n\t\t\t\t\t\t<div class=\"elementor-element elementor-element-edc0f7b elementor-widget-divider--view-line elementor-widget elementor-widget-divider\" data-id=\"edc0f7b\" data-element_type=\"widget\" data-e-type=\"widget\" data-widget_type=\"divider.default\">\n\t\t\t\t<div class=\"elementor-widget-container\">\n\t\t\t\t\t\t\t<div class=\"elementor-divider\">\n\t\t\t<span class=\"elementor-divider-separator\">\n\t\t\t\t\t\t<\/span>\n\t\t<\/div>\n\t\t\t\t\t\t<\/div>\n\t\t\t\t<\/div>\n\t\t\t\t<div class=\"elementor-element elementor-element-3d7306f elementor-widget elementor-widget-heading\" data-id=\"3d7306f\" data-element_type=\"widget\" data-e-type=\"widget\" data-widget_type=\"heading.default\">\n\t\t\t\t<div class=\"elementor-widget-container\">\n\t\t\t\t\t<h2 class=\"elementor-heading-title elementor-size-default\">Bancada Partido Polo Democratico Alternativo<\/h2>\t\t\t\t<\/div>\n\t\t\t\t<\/div>\n\t\t\t\t\t<\/div>\n\t\t<\/div>\n\t\t\t\t\t<\/div>\n\t\t<\/section>\n\t\t\t\t<section class=\"elementor-section elementor-top-section elementor-element elementor-element-8062c50 elementor-section-boxed elementor-section-height-default elementor-section-height-default\" data-id=\"8062c50\" data-element_type=\"section\" data-e-type=\"section\" data-settings=\"{&quot;background_background&quot;:&quot;classic&quot;}\">\n\t\t\t\t\t\t<div class=\"elementor-container elementor-column-gap-default\">\n\t\t\t\t\t<div class=\"elementor-column elementor-col-100 elementor-top-column elementor-element elementor-element-a8c8a71\" data-id=\"a8c8a71\" data-element_type=\"column\" data-e-type=\"column\">\n\t\t\t<div class=\"elementor-widget-wrap elementor-element-populated\">\n\t\t\t\t\t\t<div class=\"elementor-element elementor-element-c09976b elementor-widget elementor-widget-image\" data-id=\"c09976b\" data-element_type=\"widget\" data-e-type=\"widget\" data-widget_type=\"image.default\">\n\t\t\t\t<div class=\"elementor-widget-container\">\n\t\t\t\t\t\t\t\t\t\t\t\t<figure class=\"wp-caption\">\n\t\t\t\t\t\t\t\t\t\t<img loading=\"lazy\" decoding=\"async\" width=\"1024\" height=\"1024\" src=\"https:\/\/www.concejomunicipaldeduitama.gov.co\/wp-content\/uploads\/2023\/06\/Ronald-Franccesco-Puentes-Leon-1024x1024.jpg\" class=\"attachment-large size-large wp-image-2326\" alt=\"\" srcset=\"https:\/\/www.concejomunicipaldeduitama.gov.co\/wp-content\/uploads\/2023\/06\/Ronald-Franccesco-Puentes-Leon-1024x1024.jpg 1024w, https:\/\/www.concejomunicipaldeduitama.gov.co\/wp-content\/uploads\/2023\/06\/Ronald-Franccesco-Puentes-Leon-300x300.jpg 300w, https:\/\/www.concejomunicipaldeduitama.gov.co\/wp-content\/uploads\/2023\/06\/Ronald-Franccesco-Puentes-Leon-150x150.jpg 150w, https:\/\/www.concejomunicipaldeduitama.gov.co\/wp-content\/uploads\/2023\/06\/Ronald-Franccesco-Puentes-Leon-768x768.jpg 768w, https:\/\/www.concejomunicipaldeduitama.gov.co\/wp-content\/uploads\/2023\/06\/Ronald-Franccesco-Puentes-Leon.jpg 1080w\" sizes=\"(max-width: 1024px) 100vw, 1024px\" \/>\t\t\t\t\t\t\t\t\t\t\t<figcaption class=\"widget-image-caption wp-caption-text\">Ronald Franccesco Puentes Le\u00f3n<\/figcaption>\n\t\t\t\t\t\t\t\t\t\t<\/figure>\n\t\t\t\t\t\t\t\t\t<\/div>\n\t\t\t\t<\/div>\n\t\t\t\t\t<\/div>\n\t\t<\/div>\n\t\t\t\t\t<\/div>\n\t\t<\/section>\n\t\t\t\t<section class=\"elementor-section elementor-top-section elementor-element elementor-element-57e1273 elementor-section-boxed elementor-section-height-default elementor-section-height-default\" data-id=\"57e1273\" data-element_type=\"section\" data-e-type=\"section\" data-settings=\"{&quot;background_background&quot;:&quot;classic&quot;}\">\n\t\t\t\t\t\t<div class=\"elementor-container elementor-column-gap-default\">\n\t\t\t\t\t<div class=\"elementor-column elementor-col-33 elementor-top-column elementor-element elementor-element-c0f0da0\" data-id=\"c0f0da0\" data-element_type=\"column\" data-e-type=\"column\">\n\t\t\t<div class=\"elementor-widget-wrap elementor-element-populated\">\n\t\t\t\t\t\t<div class=\"elementor-element elementor-element-51c6838 elementor-widget elementor-widget-site-logo\" data-id=\"51c6838\" data-element_type=\"widget\" data-e-type=\"widget\" data-settings=\"{&quot;width&quot;:{&quot;unit&quot;:&quot;%&quot;,&quot;size&quot;:25,&quot;sizes&quot;:[]},&quot;width_tablet&quot;:{&quot;unit&quot;:&quot;%&quot;,&quot;size&quot;:35,&quot;sizes&quot;:[]},&quot;width_mobile&quot;:{&quot;unit&quot;:&quot;%&quot;,&quot;size&quot;:28,&quot;sizes&quot;:[]},&quot;align&quot;:&quot;center&quot;,&quot;space&quot;:{&quot;unit&quot;:&quot;%&quot;,&quot;size&quot;:&quot;&quot;,&quot;sizes&quot;:[]},&quot;space_tablet&quot;:{&quot;unit&quot;:&quot;%&quot;,&quot;size&quot;:&quot;&quot;,&quot;sizes&quot;:[]},&quot;space_mobile&quot;:{&quot;unit&quot;:&quot;%&quot;,&quot;size&quot;:&quot;&quot;,&quot;sizes&quot;:[]},&quot;image_border_radius&quot;:{&quot;unit&quot;:&quot;px&quot;,&quot;top&quot;:&quot;&quot;,&quot;right&quot;:&quot;&quot;,&quot;bottom&quot;:&quot;&quot;,&quot;left&quot;:&quot;&quot;,&quot;isLinked&quot;:true},&quot;image_border_radius_tablet&quot;:{&quot;unit&quot;:&quot;px&quot;,&quot;top&quot;:&quot;&quot;,&quot;right&quot;:&quot;&quot;,&quot;bottom&quot;:&quot;&quot;,&quot;left&quot;:&quot;&quot;,&quot;isLinked&quot;:true},&quot;image_border_radius_mobile&quot;:{&quot;unit&quot;:&quot;px&quot;,&quot;top&quot;:&quot;&quot;,&quot;right&quot;:&quot;&quot;,&quot;bottom&quot;:&quot;&quot;,&quot;left&quot;:&quot;&quot;,&quot;isLinked&quot;:true},&quot;caption_padding&quot;:{&quot;unit&quot;:&quot;px&quot;,&quot;top&quot;:&quot;&quot;,&quot;right&quot;:&quot;&quot;,&quot;bottom&quot;:&quot;&quot;,&quot;left&quot;:&quot;&quot;,&quot;isLinked&quot;:true},&quot;caption_padding_tablet&quot;:{&quot;unit&quot;:&quot;px&quot;,&quot;top&quot;:&quot;&quot;,&quot;right&quot;:&quot;&quot;,&quot;bottom&quot;:&quot;&quot;,&quot;left&quot;:&quot;&quot;,&quot;isLinked&quot;:true},&quot;caption_padding_mobile&quot;:{&quot;unit&quot;:&quot;px&quot;,&quot;top&quot;:&quot;&quot;,&quot;right&quot;:&quot;&quot;,&quot;bottom&quot;:&quot;&quot;,&quot;left&quot;:&quot;&quot;,&quot;isLinked&quot;:true},&quot;caption_space&quot;:{&quot;unit&quot;:&quot;px&quot;,&quot;size&quot;:0,&quot;sizes&quot;:[]},&quot;caption_space_tablet&quot;:{&quot;unit&quot;:&quot;px&quot;,&quot;size&quot;:&quot;&quot;,&quot;sizes&quot;:[]},&quot;caption_space_mobile&quot;:{&quot;unit&quot;:&quot;px&quot;,&quot;size&quot;:&quot;&quot;,&quot;sizes&quot;:[]}}\" data-widget_type=\"site-logo.default\">\n\t\t\t\t<div class=\"elementor-widget-container\">\n\t\t\t\t\t\t\t<div class=\"hfe-site-logo\">\n\t\t\t\t\t\t\t\t\t\t\t\t\t<a data-elementor-open-lightbox=\"\"  class='elementor-clickable' href=\"https:\/\/www.concejomunicipaldeduitama.gov.co\">\n\t\t\t\t\t\t\t<div class=\"hfe-site-logo-set\">           \n\t\t\t\t<div class=\"hfe-site-logo-container\">\n\t\t\t\t\t\t\t\t\t<img decoding=\"async\" class=\"hfe-site-logo-img elementor-animation-\"  src=\"https:\/\/www.concejomunicipaldeduitama.gov.co\/wp-content\/uploads\/2022\/09\/Logo-Concejo-de-Duitama-b3f3c8.svg\" alt=\"default-logo\"\/>\n\t\t\t\t<\/div>\n\t\t\t<\/div>\n\t\t\t\t\t\t\t<\/a>\n\t\t\t\t\t\t<\/div>  \n\t\t\t\t\t\t\t<\/div>\n\t\t\t\t<\/div>\n\t\t\t\t\t<\/div>\n\t\t<\/div>\n\t\t\t\t<div class=\"elementor-column elementor-col-33 elementor-top-column elementor-element elementor-element-f71ac8c\" data-id=\"f71ac8c\" data-element_type=\"column\" data-e-type=\"column\">\n\t\t\t<div class=\"elementor-widget-wrap elementor-element-populated\">\n\t\t\t\t\t\t<div class=\"elementor-element elementor-element-01c0e94 elementor-widget elementor-widget-heading\" data-id=\"01c0e94\" data-element_type=\"widget\" data-e-type=\"widget\" data-widget_type=\"heading.default\">\n\t\t\t\t<div class=\"elementor-widget-container\">\n\t\t\t\t\t<h2 class=\"elementor-heading-title elementor-size-default\">Horarios<\/h2>\t\t\t\t<\/div>\n\t\t\t\t<\/div>\n\t\t\t\t<div class=\"elementor-element elementor-element-bcd9149 elementor-widget elementor-widget-heading\" data-id=\"bcd9149\" data-element_type=\"widget\" data-e-type=\"widget\" data-widget_type=\"heading.default\">\n\t\t\t\t<div class=\"elementor-widget-container\">\n\t\t\t\t\t<h2 class=\"elementor-heading-title elementor-size-default\">Lunes a viernes<\/h2>\t\t\t\t<\/div>\n\t\t\t\t<\/div>\n\t\t\t\t<div class=\"elementor-element elementor-element-e03ae0b elementor-widget elementor-widget-heading\" data-id=\"e03ae0b\" data-element_type=\"widget\" data-e-type=\"widget\" data-widget_type=\"heading.default\">\n\t\t\t\t<div class=\"elementor-widget-container\">\n\t\t\t\t\t<h2 class=\"elementor-heading-title elementor-size-default\">7:00 a.m. a 12:00 p.m.\n1:00 p.m. a 5:00 p.m.<\/h2>\t\t\t\t<\/div>\n\t\t\t\t<\/div>\n\t\t\t\t\t<\/div>\n\t\t<\/div>\n\t\t\t\t<div class=\"elementor-column elementor-col-33 elementor-top-column elementor-element elementor-element-4cb6922\" data-id=\"4cb6922\" data-element_type=\"column\" data-e-type=\"column\">\n\t\t\t<div class=\"elementor-widget-wrap elementor-element-populated\">\n\t\t\t\t\t\t<div class=\"elementor-element elementor-element-d15e4ef e-grid-align-tablet-right e-grid-align-mobile-center elementor-widget-mobile__width-inherit elementor-shape-rounded elementor-grid-0 e-grid-align-center elementor-widget elementor-widget-social-icons\" data-id=\"d15e4ef\" data-element_type=\"widget\" data-e-type=\"widget\" data-widget_type=\"social-icons.default\">\n\t\t\t\t<div class=\"elementor-widget-container\">\n\t\t\t\t\t\t\t<div class=\"elementor-social-icons-wrapper elementor-grid\" role=\"list\">\n\t\t\t\t\t\t\t<span class=\"elementor-grid-item\" role=\"listitem\">\n\t\t\t\t\t<a class=\"elementor-icon elementor-social-icon elementor-social-icon-facebook-f elementor-repeater-item-3f1b7ac\" href=\"https:\/\/www.facebook.com\/concejodeduitama\/\" target=\"_blank\">\n\t\t\t\t\t\t<span class=\"elementor-screen-only\">Facebook-f<\/span>\n\t\t\t\t\t\t<i aria-hidden=\"true\" class=\"fab fa-facebook-f\"><\/i>\t\t\t\t\t<\/a>\n\t\t\t\t<\/span>\n\t\t\t\t\t\t\t<span class=\"elementor-grid-item\" role=\"listitem\">\n\t\t\t\t\t<a class=\"elementor-icon elementor-social-icon elementor-social-icon-instagram elementor-repeater-item-862dbd0\" href=\"https:\/\/www.instagram.com\/concejodeduitama\/\" target=\"_blank\">\n\t\t\t\t\t\t<span class=\"elementor-screen-only\">Instagram<\/span>\n\t\t\t\t\t\t<i aria-hidden=\"true\" class=\"fab fa-instagram\"><\/i>\t\t\t\t\t<\/a>\n\t\t\t\t<\/span>\n\t\t\t\t\t<\/div>\n\t\t\t\t\t\t<\/div>\n\t\t\t\t<\/div>\n\t\t\t\t\t<\/div>\n\t\t<\/div>\n\t\t\t\t\t<\/div>\n\t\t<\/section>\n\t\t\t\t<section class=\"elementor-section elementor-top-section elementor-element elementor-element-c7eccd1 elementor-section-boxed elementor-section-height-default elementor-section-height-default\" data-id=\"c7eccd1\" data-element_type=\"section\" data-e-type=\"section\" data-settings=\"{&quot;background_background&quot;:&quot;classic&quot;}\">\n\t\t\t\t\t\t<div class=\"elementor-container elementor-column-gap-default\">\n\t\t\t\t\t<div class=\"elementor-column elementor-col-100 elementor-top-column elementor-element elementor-element-57b9978\" data-id=\"57b9978\" data-element_type=\"column\" data-e-type=\"column\">\n\t\t\t<div class=\"elementor-widget-wrap elementor-element-populated\">\n\t\t\t\t\t\t<div class=\"elementor-element elementor-element-7a6fe7d elementor-widget elementor-widget-heading\" data-id=\"7a6fe7d\" data-element_type=\"widget\" data-e-type=\"widget\" data-widget_type=\"heading.default\">\n\t\t\t\t<div class=\"elementor-widget-container\">\n\t\t\t\t\t<p class=\"elementor-heading-title elementor-size-default\">\u00a9 Concejo de Duitama. Todos los derechos reservados 2025<\/p>\t\t\t\t<\/div>\n\t\t\t\t<\/div>\n\t\t\t\t\t<\/div>\n\t\t<\/div>\n\t\t\t\t\t<\/div>\n\t\t<\/section>\n\t\t\t\t<section class=\"elementor-section elementor-top-section elementor-element elementor-element-22006c1 elementor-section-height-min-height elementor-section-content-middle elementor-section-full_width elementor-section-height-default elementor-section-items-middle\" data-id=\"22006c1\" data-element_type=\"section\" data-e-type=\"section\" data-settings=\"{&quot;background_background&quot;:&quot;classic&quot;}\">\n\t\t\t\t\t\t<div class=\"elementor-container elementor-column-gap-no\">\n\t\t\t\t\t<div class=\"elementor-column elementor-col-100 elementor-top-column elementor-element elementor-element-9712413\" data-id=\"9712413\" data-element_type=\"column\" data-e-type=\"column\">\n\t\t\t<div class=\"elementor-widget-wrap elementor-element-populated\">\n\t\t\t\t\t\t<div class=\"elementor-element elementor-element-630f3ec elementor-widget elementor-widget-image\" data-id=\"630f3ec\" data-element_type=\"widget\" data-e-type=\"widget\" data-widget_type=\"image.default\">\n\t\t\t\t<div class=\"elementor-widget-container\">\n\t\t\t\t\t\t\t\t\t\t\t\t\t\t\t\t<a href=\"https:\/\/www.gov.co\/\">\n\t\t\t\t\t\t\t<img loading=\"lazy\" decoding=\"async\" width=\"200\" height=\"62\" src=\"https:\/\/www.concejomunicipaldeduitama.gov.co\/wp-content\/uploads\/2024\/12\/img-gov-footer-concejo-1.png\" class=\"attachment-large size-large wp-image-4387\" alt=\"\" \/>\t\t\t\t\t\t\t\t<\/a>\n\t\t\t\t\t\t\t\t\t\t\t\t\t\t\t<\/div>\n\t\t\t\t<\/div>\n\t\t\t\t\t<\/div>\n\t\t<\/div>\n\t\t\t\t\t<\/div>\n\t\t<\/section>\n\t\t\t\t<\/div>\n\t\t","protected":false},"excerpt":{"rendered":"<p>Concejales 2020-2023 Bancada Partido Cambio Radical Jos\u00e9 Juli\u00e1n Chia Matallana Segundo Pinz\u00f3n Cardozo Marco Alonso Rinc\u00f3n Albarrac\u00edn William G\u00f3mez Flechas Bancada Partido Alianza Verde He\u0301ctor Mateo Centeno Agudelo Juli\u00e1n David Garci\u0301a Rubio Julio Enrique Salcedo Lo\u0301pez Bancada Partido Liberal Colombiano Herna\u0301n Danilo Rodri\u0301guez Romero Christian Gabriel Albarrac\u00edn V\u00e1squez William Rene\u0301 Higuera Morales Bancada Partido Conservador&hellip;&nbsp;<a href=\"https:\/\/www.concejomunicipaldeduitama.gov.co\/?page_id=87\" rel=\"bookmark\">Leer m\u00e1s &raquo;<span class=\"screen-reader-text\">Concejales 2020-2023<\/span><\/a><\/p>\n","protected":false},"author":1,"featured_media":0,"parent":0,"menu_order":0,"comment_status":"closed","ping_status":"closed","template":"","meta":{"neve_meta_sidebar":"","neve_meta_container":"full-width","neve_meta_enable_content_width":"","neve_meta_content_width":0,"neve_meta_title_alignment":"","neve_meta_author_avatar":"","neve_post_elements_order":"","neve_meta_disable_header":"","neve_meta_disable_footer":"on","neve_meta_disable_title":"on","_themeisle_gutenberg_block_has_review":false,"footnotes":""},"class_list":["post-87","page","type-page","status-publish","hentry"],"_links":{"self":[{"href":"https:\/\/www.concejomunicipaldeduitama.gov.co\/index.php?rest_route=\/wp\/v2\/pages\/87","targetHints":{"allow":["GET"]}}],"collection":[{"href":"https:\/\/www.concejomunicipaldeduitama.gov.co\/index.php?rest_route=\/wp\/v2\/pages"}],"about":[{"href":"https:\/\/www.concejomunicipaldeduitama.gov.co\/index.php?rest_route=\/wp\/v2\/types\/page"}],"author":[{"embeddable":true,"href":"https:\/\/www.concejomunicipaldeduitama.gov.co\/index.php?rest_route=\/wp\/v2\/users\/1"}],"replies":[{"embeddable":true,"href":"https:\/\/www.concejomunicipaldeduitama.gov.co\/index.php?rest_route=%2Fwp%2Fv2%2Fcomments&post=87"}],"version-history":[{"count":117,"href":"https:\/\/www.concejomunicipaldeduitama.gov.co\/index.php?rest_route=\/wp\/v2\/pages\/87\/revisions"}],"predecessor-version":[{"id":5484,"href":"https:\/\/www.concejomunicipaldeduitama.gov.co\/index.php?rest_route=\/wp\/v2\/pages\/87\/revisions\/5484"}],"wp:attachment":[{"href":"https:\/\/www.concejomunicipaldeduitama.gov.co\/index.php?rest_route=%2Fwp%2Fv2%2Fmedia&parent=87"}],"curies":[{"name":"wp","href":"https:\/\/api.w.org\/{rel}","templated":true}]}}